{"id":7482,"date":"2022-09-15T02:32:40","date_gmt":"2022-09-15T02:32:40","guid":{"rendered":"https:\/\/source.wpopal.com\/triply\/?page_id=7482"},"modified":"2026-04-21T14:00:30","modified_gmt":"2026-04-21T14:00:30","slug":"home-5","status":"publish","type":"page","link":"https:\/\/ciaocycling.cc\/de\/","title":{"rendered":"Haus 5"},"content":{"rendered":"<div data-elementor-type=\"wp-page\" data-elementor-id=\"7482\" class=\"elementor elementor-7482\" data-elementor-post-type=\"page\">\n\t\t\t\t\t\t<div class=\"elementor-section elementor-top-section elementor-element elementor-element-dc2ac83 elementor-section-height-min-height elementor-section-stretched elementor-section-boxed elementor-section-height-default elementor-section-items-middle\" data-id=\"dc2ac83\" data-element_type=\"section\" data-e-type=\"section\" data-settings=\"{&quot;stretch_section&quot;:&quot;section-stretched&quot;,&quot;background_background&quot;:&quot;classic&quot;}\">\n\t\t\t\t\t\t\t<div class=\"elementor-background-overlay\"><\/div>\n\t\t\t\t\t\t\t<div class=\"elementor-container elementor-column-gap-no\">\n\t\t\t\t\t<div class=\"elementor-column elementor-col-100 elementor-top-column elementor-element elementor-element-160d785\" data-id=\"160d785\" data-element_type=\"column\" data-e-type=\"column\">\n\t\t\t<div class=\"elementor-widget-wrap elementor-element-populated\">\n\t\t\t\t\t\t<div class=\"elementor-element elementor-element-fb9e187 elementor-widget elementor-widget-heading\" data-id=\"fb9e187\" data-element_type=\"widget\" data-e-type=\"widget\" data-widget_type=\"heading.default\">\n\t\t\t\t<div class=\"elementor-widget-container\">\n\t\t\t\t\t<h1 class=\"elementor-heading-title elementor-size-default\">Entdecke echte Gravelmomente in der Region<\/h1>\t\t\t\t<\/div>\n\t\t\t\t<\/div>\n\t\t\t\t<div class=\"elementor-element elementor-element-bd4a5ca elementor-headline--style-rotate elementor-widget-tablet__width-inherit elementor-widget elementor-widget-animated-headline\" data-id=\"bd4a5ca\" data-element_type=\"widget\" data-e-type=\"widget\" data-settings=\"{&quot;headline_style&quot;:&quot;rotate&quot;,&quot;animation_type&quot;:&quot;clip&quot;,&quot;rotating_text&quot;:&quot;Lake Garda\\nVerona\\nValpolicella\\nNorthern Italy&quot;,&quot;rotate_iteration_delay&quot;:2000,&quot;loop&quot;:&quot;yes&quot;}\" data-widget_type=\"animated-headline.default\">\n\t\t\t\t<div class=\"elementor-widget-container\">\n\t\t\t\t\t\t\t<h1 class=\"elementor-headline elementor-headline-animation-type-clip\">\n\t\t\t\t<span class=\"elementor-headline-dynamic-wrapper elementor-headline-text-wrapper\">\n\t\t\t\t\t<span class=\"elementor-headline-dynamic-text elementor-headline-text-active\">\n\t\t\t\tGardasee\t\t\t<\/span>\n\t\t\t\t\t<span class=\"elementor-headline-dynamic-text\">\n\t\t\t\tVerona\t\t\t<\/span>\n\t\t\t\t\t<span class=\"elementor-headline-dynamic-text\">\n\t\t\t\tValpolicella\t\t\t<\/span>\n\t\t\t\t\t<span class=\"elementor-headline-dynamic-text\">\n\t\t\t\tNord-Italien\t\t\t<\/span>\n\t\t\t\t\t\t<\/span>\n\t\t\t\t<\/h1>\n\t\t\t\t\t\t<\/div>\n\t\t\t\t<\/div>\n\t\t\t\t<section class=\"elementor-section elementor-inner-section elementor-element elementor-element-0482871 elementor-section-boxed elementor-section-height-default elementor-section-height-default\" data-id=\"0482871\" data-element_type=\"section\" data-e-type=\"section\">\n\t\t\t\t\t\t<div class=\"elementor-container elementor-column-gap-default\">\n\t\t\t\t\t<div class=\"elementor-column elementor-col-100 elementor-inner-column elementor-element elementor-element-f003c81\" data-id=\"f003c81\" data-element_type=\"column\" data-e-type=\"column\">\n\t\t\t<div class=\"elementor-widget-wrap elementor-element-populated\">\n\t\t\t\t\t\t<div class=\"elementor-element elementor-element-05da3b9 elementor-widget__width-initial elementor-widget elementor-widget-text-editor\" data-id=\"05da3b9\" data-element_type=\"widget\" data-e-type=\"widget\" data-widget_type=\"text-editor.default\">\n\t\t\t\t<div class=\"elementor-widget-container\">\n\t\t\t\t\t\t\t\t\t<p class=\"\" data-start=\"115\" data-end=\"287\"><strong data-start=\"115\" data-end=\"286\">Ob Stra\u00dfe oder Schotter \u2013 ob gef\u00fchrte Tour oder ma\u00dfgeschneidertes Abenteuer: Du f\u00e4hrst atemberaubende Routen, entdeckst versteckte Spots, tauchst in die lokale Kultur ein und erlebst Norditalien fernab der Massen.<\/strong><\/p><p class=\"\" data-start=\"289\" data-end=\"350\">\u00a0<\/p>\t\t\t\t\t\t\t\t<\/div>\n\t\t\t\t<\/div>\n\t\t\t\t<div class=\"elementor-element elementor-element-bf5c0a4 elementor-mobile-align-center elementor-widget elementor-widget-button\" data-id=\"bf5c0a4\" data-element_type=\"widget\" data-e-type=\"widget\" data-widget_type=\"button.default\">\n\t\t\t\t<div class=\"elementor-widget-container\">\n\t\t\t\t\t\t\t\t\t<div class=\"elementor-button-wrapper\">\n\t\t\t\t\t<a class=\"elementor-button elementor-button-link elementor-size-sm\" href=\"https:\/\/ciaocycling.cc\/de\/our-camps\/2026-garda-gravel-camps\/\">\n\t\t\t\t\t\t<span class=\"elementor-button-content-wrapper\">\n\t\t\t\t\t\t<span class=\"elementor-button-icon\">\n\t\t\t\t<i aria-hidden=\"true\" class=\"fas fa-long-arrow-alt-right\"><\/i>\t\t\t<\/span>\n\t\t\t\t\t\t\t\t\t<span class=\"elementor-button-text\">Unsere 2026 gravel Camps <\/span>\n\t\t\t\t\t<\/span>\n\t\t\t\t\t<\/a>\n\t\t\t\t<\/div>\n\t\t\t\t\t\t\t\t<\/div>\n\t\t\t\t<\/div>\n\t\t\t\t\t<\/div>\n\t\t<\/div>\n\t\t\t\t\t<\/div>\n\t\t<\/section>\n\t\t\t\t\t<\/div>\n\t\t<\/div>\n\t\t\t\t\t<\/div>\n\t\t<\/div>\n\t\t\t\t<div class=\"elementor-section elementor-top-section elementor-element elementor-element-4737cad elementor-section-stretched elementor-section-content-middle elementor-section-boxed elementor-section-height-default elementor-section-height-default\" data-id=\"4737cad\" data-element_type=\"section\" data-e-type=\"section\" data-settings=\"{&quot;stretch_section&quot;:&quot;section-stretched&quot;,&quot;background_background&quot;:&quot;classic&quot;}\">\n\t\t\t\t\t\t<div class=\"elementor-container elementor-column-gap-no\">\n\t\t\t\t\t<div class=\"elementor-column elementor-col-50 elementor-top-column elementor-element elementor-element-1b22e4a\" data-id=\"1b22e4a\" data-element_type=\"column\" data-e-type=\"column\">\n\t\t\t<div class=\"elementor-widget-wrap elementor-element-populated\">\n\t\t\t\t\t\t<div class=\"elementor-element elementor-element-589c21a elementor-widget__width-initial elementor-widget-tablet__width-inherit elementor-widget elementor-widget-heading\" data-id=\"589c21a\" data-element_type=\"widget\" data-e-type=\"widget\" data-widget_type=\"heading.default\">\n\t\t\t\t<div class=\"elementor-widget-container\">\n\t\t\t\t\t<h2 class=\"elementor-heading-title elementor-size-default\">Erlebe die Region \u2013 einzigartig, flexibel, pers\u00f6nlich<\/h2>\t\t\t\t<\/div>\n\t\t\t\t<\/div>\n\t\t\t\t<div class=\"elementor-element elementor-element-810134a elementor-widget elementor-widget-text-editor\" data-id=\"810134a\" data-element_type=\"widget\" data-e-type=\"widget\" data-widget_type=\"text-editor.default\">\n\t\t\t\t<div class=\"elementor-widget-container\">\n\t\t\t\t\t\t\t\t\t<div class=\"elementor-element elementor-element-386745f fine-wine_dec elementor-widget elementor-widget-text-editor\" data-id=\"386745f\" data-element_type=\"widget\" data-widget_type=\"text-editor.default\"><div class=\"elementor-widget-container\"><p>Erkunde den Gardasee und die Region Verona mit individuell gestalteten Bike-Touren f\u00fcr Stra\u00dfe und Gravel. Ob Tages- oder Mehrtagestour, gef\u00fchrt oder selbstgef\u00fchrt \u2013 jede Route wird exakt an dein Tempo und deine Leidenschaft angepasst.<\/p><\/div><\/div>\t\t\t\t\t\t\t\t<\/div>\n\t\t\t\t<\/div>\n\t\t\t\t\t<\/div>\n\t\t<\/div>\n\t\t\t\t<div class=\"elementor-column elementor-col-50 elementor-top-column elementor-element elementor-element-fa998a6\" data-id=\"fa998a6\" data-element_type=\"column\" data-e-type=\"column\">\n\t\t\t<div class=\"elementor-widget-wrap elementor-element-populated\">\n\t\t\t\t\t\t<div class=\"elementor-element elementor-element-e4ea980 elementor-position-inline-start elementor-widget-tablet__width-initial elementor-view-default elementor-mobile-position-block-start elementor-widget elementor-widget-icon-box\" data-id=\"e4ea980\" data-element_type=\"widget\" data-e-type=\"widget\" data-widget_type=\"icon-box.default\">\n\t\t\t\t<div class=\"elementor-widget-container\">\n\t\t\t\t\t\t\t<div class=\"elementor-icon-box-wrapper\">\n\n\t\t\t\t\t\t<div class=\"elementor-icon-box-icon\">\n\t\t\t\t<a href=\"https:\/\/ciaocycling.cc\/de\/all-tours\/\" class=\"elementor-icon\" tabindex=\"-1\" aria-label=\"Gef\u00fchrte Touren\">\n\t\t\t\t<i aria-hidden=\"true\" class=\"triply-icon- triply-icon-destination\"><\/i>\t\t\t\t<\/a>\n\t\t\t<\/div>\n\t\t\t\n\t\t\t\t\t\t<div class=\"elementor-icon-box-content\">\n\n\t\t\t\t\t\t\t\t\t<h3 class=\"elementor-icon-box-title\">\n\t\t\t\t\t\t<a href=\"https:\/\/ciaocycling.cc\/de\/all-tours\/\" >\n\t\t\t\t\t\t\tGef\u00fchrte Touren\t\t\t\t\t\t<\/a>\n\t\t\t\t\t<\/h3>\n\t\t\t\t\n\t\t\t\t\t\t\t\t\t<p class=\"elementor-icon-box-description\">\n\t\t\t\t\t\tEgal ob Stra\u00dfe oder Schotter, ob ein Tag oder mehrere: Mit uns entdeckst du malerische Routen und versteckte Highlights \u2013 perfekt angepasst an dein Level und dein Tempo. F\u00fcr Solo-Fahrer, Paare oder kleine Gruppen.\t\t\t\t\t<\/p>\n\t\t\t\t\n\t\t\t<\/div>\n\t\t\t\n\t\t<\/div>\n\t\t\t\t\t\t<\/div>\n\t\t\t\t<\/div>\n\t\t\t\t<div class=\"elementor-element elementor-element-bf78911 elementor-position-inline-start elementor-widget-tablet__width-initial elementor-view-default elementor-mobile-position-block-start elementor-widget elementor-widget-icon-box\" data-id=\"bf78911\" data-element_type=\"widget\" data-e-type=\"widget\" data-widget_type=\"icon-box.default\">\n\t\t\t\t<div class=\"elementor-widget-container\">\n\t\t\t\t\t\t\t<div class=\"elementor-icon-box-wrapper\">\n\n\t\t\t\t\t\t<div class=\"elementor-icon-box-icon\">\n\t\t\t\t<a href=\"https:\/\/ciaocycling.cc\/de\/gravel-camps\/\" class=\"elementor-icon\" tabindex=\"-1\" aria-label=\"Camps &amp; Events\">\n\t\t\t\t<i aria-hidden=\"true\" class=\"triply-icon- triply-icon-tours\"><\/i>\t\t\t\t<\/a>\n\t\t\t<\/div>\n\t\t\t\n\t\t\t\t\t\t<div class=\"elementor-icon-box-content\">\n\n\t\t\t\t\t\t\t\t\t<h3 class=\"elementor-icon-box-title\">\n\t\t\t\t\t\t<a href=\"https:\/\/ciaocycling.cc\/de\/gravel-camps\/\" >\n\t\t\t\t\t\t\tCamps &amp; Events\t\t\t\t\t\t<\/a>\n\t\t\t\t\t<\/h3>\n\t\t\t\t\n\t\t\t\t\t\t\t\t\t<p class=\"elementor-icon-box-description\">\n\t\t\t\t\t\tOb Radcamp oder Gruppenevent \u2013 vom only Frauen-Gravel-Camp bis zum Mixed Performance Camp ist alles dabei. Freu dich auf beeindruckende Rides, eine starke Community und lokale Highlights.\n\n\n\t\t\t\t\t<\/p>\n\t\t\t\t\n\t\t\t<\/div>\n\t\t\t\n\t\t<\/div>\n\t\t\t\t\t\t<\/div>\n\t\t\t\t<\/div>\n\t\t\t\t<div class=\"elementor-element elementor-element-e1ab5a0 elementor-position-inline-start elementor-widget-tablet__width-initial elementor-view-default elementor-mobile-position-block-start elementor-widget elementor-widget-icon-box\" data-id=\"e1ab5a0\" data-element_type=\"widget\" data-e-type=\"widget\" data-widget_type=\"icon-box.default\">\n\t\t\t\t<div class=\"elementor-widget-container\">\n\t\t\t\t\t\t\t<div class=\"elementor-icon-box-wrapper\">\n\n\t\t\t\t\t\t<div class=\"elementor-icon-box-icon\">\n\t\t\t\t<a href=\"https:\/\/ciaocycling.cc\/de\/custom-tour\/\" class=\"elementor-icon\" tabindex=\"-1\" aria-label=\"Ma\u00dfgeschneiderte Touren &amp; Reiseroute Design\">\n\t\t\t\t<i aria-hidden=\"true\" class=\"fas fa-pencil-alt\"><\/i>\t\t\t\t<\/a>\n\t\t\t<\/div>\n\t\t\t\n\t\t\t\t\t\t<div class=\"elementor-icon-box-content\">\n\n\t\t\t\t\t\t\t\t\t<h3 class=\"elementor-icon-box-title\">\n\t\t\t\t\t\t<a href=\"https:\/\/ciaocycling.cc\/de\/custom-tour\/\" >\n\t\t\t\t\t\t\tMa\u00dfgeschneiderte Touren\t\t\t\t\t\t<\/a>\n\t\t\t\t\t<\/h3>\n\t\t\t\t\n\t\t\t\t\t\t\t\t\t<p class=\"elementor-icon-box-description\">\n\t\t\t\t\t\tM\u00f6chtest du etwas Einzigartiges? Wir gestalten f\u00fcr dich eine personalisierte Radtour \u2013 gef\u00fchrt oder selbstgef\u00fchrt \u2013 perfekt abgestimmt auf deine Ziele, deinen Standort und deinen Fahrstil. Schreib uns einfach eine Nachricht und wir starten mit der Planung!\n\n\n\t\t\t\t\t<\/p>\n\t\t\t\t\n\t\t\t<\/div>\n\t\t\t\n\t\t<\/div>\n\t\t\t\t\t\t<\/div>\n\t\t\t\t<\/div>\n\t\t\t\t\t<\/div>\n\t\t<\/div>\n\t\t\t\t\t<\/div>\n\t\t<\/div>\n\t\t\t\t<div class=\"elementor-section elementor-top-section elementor-element elementor-element-c2174b0 elementor-section-stretched elementor-section-boxed elementor-section-height-default elementor-section-height-default\" data-id=\"c2174b0\" data-element_type=\"section\" data-e-type=\"section\" data-settings=\"{&quot;stretch_section&quot;:&quot;section-stretched&quot;}\">\n\t\t\t\t\t\t<div class=\"elementor-container elementor-column-gap-no\">\n\t\t\t\t\t<div class=\"elementor-column elementor-col-100 elementor-top-column elementor-element elementor-element-e785adf\" data-id=\"e785adf\" data-element_type=\"column\" data-e-type=\"column\">\n\t\t\t<div class=\"elementor-widget-wrap elementor-element-populated\">\n\t\t\t\t\t\t<div class=\"elementor-element elementor-element-0f7ddc1 elementor-widget elementor-widget-heading\" data-id=\"0f7ddc1\" data-element_type=\"widget\" data-e-type=\"widget\" data-widget_type=\"heading.default\">\n\t\t\t\t<div class=\"elementor-widget-container\">\n\t\t\t\t\t<h2 class=\"elementor-heading-title elementor-size-default\">Top Camps<\/h2>\t\t\t\t<\/div>\n\t\t\t\t<\/div>\n\t\t\t\t\t<\/div>\n\t\t<\/div>\n\t\t\t\t\t<\/div>\n\t\t<\/div>\n\t\t<div class=\"elementor-element elementor-element-52bafc1 e-flex e-con-boxed e-con e-parent\" data-id=\"52bafc1\" data-element_type=\"container\" data-e-type=\"container\">\n\t\t\t\t\t<div class=\"e-con-inner\">\n\t\t<div class=\"elementor-element elementor-element-6014932 e-con-full e-flex e-con e-child\" data-id=\"6014932\" data-element_type=\"container\" data-e-type=\"container\">\n\t\t\t\t<div class=\"elementor-element elementor-element-598beb8c e-transform elementor-widget elementor-widget-image\" data-id=\"598beb8c\" data-element_type=\"widget\" data-e-type=\"widget\" data-settings=\"{&quot;_transform_scale_effect_hover&quot;:{&quot;unit&quot;:&quot;px&quot;,&quot;size&quot;:0.98,&quot;sizes&quot;:[]},&quot;_transform_scale_effect_hover_tablet&quot;:{&quot;unit&quot;:&quot;px&quot;,&quot;size&quot;:&quot;&quot;,&quot;sizes&quot;:[]},&quot;_transform_scale_effect_hover_mobile&quot;:{&quot;unit&quot;:&quot;px&quot;,&quot;size&quot;:&quot;&quot;,&quot;sizes&quot;:[]}}\" data-widget_type=\"image.default\">\n\t\t\t\t<div class=\"elementor-widget-container\">\n\t\t\t\t\t\t\t\t\t\t\t\t\t\t\t\t<a href=\"https:\/\/ciaocycling.cc\/de\/our-camps\/spring-ladies-garda-gravel-camp-2026\/\" target=\"_blank\">\n\t\t\t\t\t\t\t<img fetchpriority=\"high\" decoding=\"async\" width=\"843\" height=\"1024\" src=\"https:\/\/ciaocycling.cc\/wp-content\/uploads\/2025\/11\/Gravel-Girls-Valpolicella.jpg\" class=\"attachment-large size-large wp-image-13038\" alt=\"\" srcset=\"https:\/\/ciaocycling.cc\/wp-content\/uploads\/2025\/11\/Gravel-Girls-Valpolicella.jpg 843w, https:\/\/ciaocycling.cc\/wp-content\/uploads\/2025\/11\/Gravel-Girls-Valpolicella-247x300.jpg 247w, https:\/\/ciaocycling.cc\/wp-content\/uploads\/2025\/11\/Gravel-Girls-Valpolicella-768x933.jpg 768w, https:\/\/ciaocycling.cc\/wp-content\/uploads\/2025\/11\/Gravel-Girls-Valpolicella-10x12.jpg 10w, https:\/\/ciaocycling.cc\/wp-content\/uploads\/2025\/11\/Gravel-Girls-Valpolicella-370x450.jpg 370w\" sizes=\"(max-width: 843px) 100vw, 843px\" \/>\t\t\t\t\t\t\t\t<\/a>\n\t\t\t\t\t\t\t\t\t\t\t\t\t\t\t<\/div>\n\t\t\t\t<\/div>\n\t\t\t\t<div class=\"elementor-element elementor-element-3ffc4492 elementor-widget elementor-widget-text-editor\" data-id=\"3ffc4492\" data-element_type=\"widget\" data-e-type=\"widget\" data-widget_type=\"text-editor.default\">\n\t\t\t\t<div class=\"elementor-widget-container\">\n\t\t\t\t\t\t\t\t\t<p><strong>Spring Ladies Garda Gravel Camp<br \/><\/strong><em>29. April \u2013 3. Mai 2026<\/em><br \/>Sprache: Deutsch<\/p>\t\t\t\t\t\t\t\t<\/div>\n\t\t\t\t<\/div>\n\t\t\t\t<div class=\"elementor-element elementor-element-429248f elementor-mobile-align-center elementor-align-center elementor-widget elementor-widget-button\" data-id=\"429248f\" data-element_type=\"widget\" data-e-type=\"widget\" data-widget_type=\"button.default\">\n\t\t\t\t<div class=\"elementor-widget-container\">\n\t\t\t\t\t\t\t\t\t<div class=\"elementor-button-wrapper\">\n\t\t\t\t\t<a class=\"elementor-button elementor-button-link elementor-size-sm\" href=\"https:\/\/ciaocycling.cc\/de\/our-camps\/spring-ladies-garda-gravel-camp-2026\/\">\n\t\t\t\t\t\t<span class=\"elementor-button-content-wrapper\">\n\t\t\t\t\t\t<span class=\"elementor-button-icon\">\n\t\t\t\t<i aria-hidden=\"true\" class=\"fas fa-long-arrow-alt-right\"><\/i>\t\t\t<\/span>\n\t\t\t\t\t\t\t\t\t<span class=\"elementor-button-text\">Mehr - nur noch 3 Pl\u00e4tze <\/span>\n\t\t\t\t\t<\/span>\n\t\t\t\t\t<\/a>\n\t\t\t\t<\/div>\n\t\t\t\t\t\t\t\t<\/div>\n\t\t\t\t<\/div>\n\t\t\t\t<\/div>\n\t\t<div class=\"elementor-element elementor-element-5e02bdc3 e-con-full e-flex e-con e-child\" data-id=\"5e02bdc3\" data-element_type=\"container\" data-e-type=\"container\">\n\t\t\t\t<div class=\"elementor-element elementor-element-2c804a13 e-transform elementor-widget elementor-widget-image\" data-id=\"2c804a13\" data-element_type=\"widget\" data-e-type=\"widget\" data-settings=\"{&quot;_transform_scale_effect_hover&quot;:{&quot;unit&quot;:&quot;px&quot;,&quot;size&quot;:0.98,&quot;sizes&quot;:[]},&quot;_transform_scale_effect_hover_tablet&quot;:{&quot;unit&quot;:&quot;px&quot;,&quot;size&quot;:&quot;&quot;,&quot;sizes&quot;:[]},&quot;_transform_scale_effect_hover_mobile&quot;:{&quot;unit&quot;:&quot;px&quot;,&quot;size&quot;:&quot;&quot;,&quot;sizes&quot;:[]}}\" data-widget_type=\"image.default\">\n\t\t\t\t<div class=\"elementor-widget-container\">\n\t\t\t\t\t\t\t\t\t\t\t\t\t\t\t\t<a href=\"https:\/\/ciaocycling.cc\/de\/our-camps\/performance-gravel-camp-mixed\/\" target=\"_blank\">\n\t\t\t\t\t\t\t<img decoding=\"async\" width=\"832\" height=\"1024\" src=\"https:\/\/ciaocycling.cc\/wp-content\/uploads\/2025\/10\/Screenshot-2025-10-17-alle-12.46.53-832x1024.png\" class=\"attachment-large size-large wp-image-12608\" alt=\"\" srcset=\"https:\/\/ciaocycling.cc\/wp-content\/uploads\/2025\/10\/Screenshot-2025-10-17-alle-12.46.53-832x1024.png 832w, https:\/\/ciaocycling.cc\/wp-content\/uploads\/2025\/10\/Screenshot-2025-10-17-alle-12.46.53-244x300.png 244w, https:\/\/ciaocycling.cc\/wp-content\/uploads\/2025\/10\/Screenshot-2025-10-17-alle-12.46.53-768x945.png 768w, https:\/\/ciaocycling.cc\/wp-content\/uploads\/2025\/10\/Screenshot-2025-10-17-alle-12.46.53-10x12.png 10w, https:\/\/ciaocycling.cc\/wp-content\/uploads\/2025\/10\/Screenshot-2025-10-17-alle-12.46.53-366x450.png 366w, https:\/\/ciaocycling.cc\/wp-content\/uploads\/2025\/10\/Screenshot-2025-10-17-alle-12.46.53.png 1242w\" sizes=\"(max-width: 832px) 100vw, 832px\" \/>\t\t\t\t\t\t\t\t<\/a>\n\t\t\t\t\t\t\t\t\t\t\t\t\t\t\t<\/div>\n\t\t\t\t<\/div>\n\t\t\t\t<div class=\"elementor-element elementor-element-7619c6ca elementor-widget elementor-widget-text-editor\" data-id=\"7619c6ca\" data-element_type=\"widget\" data-e-type=\"widget\" data-widget_type=\"text-editor.default\">\n\t\t\t\t<div class=\"elementor-widget-container\">\n\t\t\t\t\t\t\t\t\t<p><strong>Community Mixed Garda Gravel Camp m\/w<br \/><\/strong><em>3. \u2013 7. Juni 2026, gemischt m\/w<\/em><br \/>Sprache: Englisch<\/p>\t\t\t\t\t\t\t\t<\/div>\n\t\t\t\t<\/div>\n\t\t\t\t<div class=\"elementor-element elementor-element-38cd6fb elementor-mobile-align-center elementor-align-center elementor-widget elementor-widget-button\" data-id=\"38cd6fb\" data-element_type=\"widget\" data-e-type=\"widget\" data-widget_type=\"button.default\">\n\t\t\t\t<div class=\"elementor-widget-container\">\n\t\t\t\t\t\t\t\t\t<div class=\"elementor-button-wrapper\">\n\t\t\t\t\t<a class=\"elementor-button elementor-button-link elementor-size-sm\" href=\"https:\/\/ciaocycling.cc\/de\/our-camps\/performance-gravel-camp-mixed\/\">\n\t\t\t\t\t\t<span class=\"elementor-button-content-wrapper\">\n\t\t\t\t\t\t<span class=\"elementor-button-icon\">\n\t\t\t\t<i aria-hidden=\"true\" class=\"fas fa-long-arrow-alt-right\"><\/i>\t\t\t<\/span>\n\t\t\t\t\t\t\t\t\t<span class=\"elementor-button-text\">Mehr <\/span>\n\t\t\t\t\t<\/span>\n\t\t\t\t\t<\/a>\n\t\t\t\t<\/div>\n\t\t\t\t\t\t\t\t<\/div>\n\t\t\t\t<\/div>\n\t\t\t\t<\/div>\n\t\t<div class=\"elementor-element elementor-element-6103d3cb e-con-full e-flex e-con e-child\" data-id=\"6103d3cb\" data-element_type=\"container\" data-e-type=\"container\">\n\t\t\t\t<div class=\"elementor-element elementor-element-e5630ef e-transform elementor-widget elementor-widget-image\" data-id=\"e5630ef\" data-element_type=\"widget\" data-e-type=\"widget\" data-settings=\"{&quot;_transform_scale_effect_hover&quot;:{&quot;unit&quot;:&quot;px&quot;,&quot;size&quot;:0.98,&quot;sizes&quot;:[]},&quot;_transform_scale_effect_hover_tablet&quot;:{&quot;unit&quot;:&quot;px&quot;,&quot;size&quot;:&quot;&quot;,&quot;sizes&quot;:[]},&quot;_transform_scale_effect_hover_mobile&quot;:{&quot;unit&quot;:&quot;px&quot;,&quot;size&quot;:&quot;&quot;,&quot;sizes&quot;:[]}}\" data-widget_type=\"image.default\">\n\t\t\t\t<div class=\"elementor-widget-container\">\n\t\t\t\t\t\t\t\t\t\t\t\t\t\t\t\t<a href=\"https:\/\/ciaocycling.cc\/de\/our-camps\/summer-ladies-garda-gravel-camp-2026\/\" target=\"_blank\">\n\t\t\t\t\t\t\t<img decoding=\"async\" width=\"980\" height=\"654\" src=\"https:\/\/ciaocycling.cc\/wp-content\/uploads\/2025\/09\/ciaocycling-gravel-camp.jpg\" class=\"attachment-large size-large wp-image-12337\" alt=\"\" srcset=\"https:\/\/ciaocycling.cc\/wp-content\/uploads\/2025\/09\/ciaocycling-gravel-camp.jpg 1024w, https:\/\/ciaocycling.cc\/wp-content\/uploads\/2025\/09\/ciaocycling-gravel-camp-300x200.jpg 300w, https:\/\/ciaocycling.cc\/wp-content\/uploads\/2025\/09\/ciaocycling-gravel-camp-768x512.jpg 768w, https:\/\/ciaocycling.cc\/wp-content\/uploads\/2025\/09\/ciaocycling-gravel-camp-18x12.jpg 18w, https:\/\/ciaocycling.cc\/wp-content\/uploads\/2025\/09\/ciaocycling-gravel-camp-675x450.jpg 675w\" sizes=\"(max-width: 980px) 100vw, 980px\" \/>\t\t\t\t\t\t\t\t<\/a>\n\t\t\t\t\t\t\t\t\t\t\t\t\t\t\t<\/div>\n\t\t\t\t<\/div>\n\t\t\t\t<div class=\"elementor-element elementor-element-7f12d479 elementor-widget elementor-widget-text-editor\" data-id=\"7f12d479\" data-element_type=\"widget\" data-e-type=\"widget\" data-widget_type=\"text-editor.default\">\n\t\t\t\t<div class=\"elementor-widget-container\">\n\t\t\t\t\t\t\t\t\t<p><strong>Summer Ladies Garda Gravel Camp<br \/><\/strong><em>2. \u2013 6. September 2026<\/em><br \/>Sprache: Deutsch<\/p>\t\t\t\t\t\t\t\t<\/div>\n\t\t\t\t<\/div>\n\t\t\t\t<div class=\"elementor-element elementor-element-3d62fa9 elementor-mobile-align-center elementor-align-center elementor-widget elementor-widget-button\" data-id=\"3d62fa9\" data-element_type=\"widget\" data-e-type=\"widget\" data-widget_type=\"button.default\">\n\t\t\t\t<div class=\"elementor-widget-container\">\n\t\t\t\t\t\t\t\t\t<div class=\"elementor-button-wrapper\">\n\t\t\t\t\t<a class=\"elementor-button elementor-button-link elementor-size-sm\" href=\"https:\/\/ciaocycling.cc\/de\/our-camps\/summer-ladies-garda-gravel-camp-2026\/\">\n\t\t\t\t\t\t<span class=\"elementor-button-content-wrapper\">\n\t\t\t\t\t\t<span class=\"elementor-button-icon\">\n\t\t\t\t<i aria-hidden=\"true\" class=\"fas fa-long-arrow-alt-right\"><\/i>\t\t\t<\/span>\n\t\t\t\t\t\t\t\t\t<span class=\"elementor-button-text\">Mehr <\/span>\n\t\t\t\t\t<\/span>\n\t\t\t\t\t<\/a>\n\t\t\t\t<\/div>\n\t\t\t\t\t\t\t\t<\/div>\n\t\t\t\t<\/div>\n\t\t\t\t<\/div>\n\t\t\t\t\t<\/div>\n\t\t\t\t<\/div>\n\t\t\t\t<div class=\"elementor-section elementor-top-section elementor-element elementor-element-dd8d423 elementor-section-stretched elementor-section-content-middle elementor-reverse-mobile elementor-section-boxed elementor-section-height-default elementor-section-height-default\" data-id=\"dd8d423\" data-element_type=\"section\" data-e-type=\"section\" data-settings=\"{&quot;stretch_section&quot;:&quot;section-stretched&quot;,&quot;background_background&quot;:&quot;classic&quot;}\">\n\t\t\t\t\t\t<div class=\"elementor-container elementor-column-gap-no\">\n\t\t\t\t\t<div class=\"elementor-column elementor-col-50 elementor-top-column elementor-element elementor-element-65bfb2b\" data-id=\"65bfb2b\" data-element_type=\"column\" data-e-type=\"column\">\n\t\t\t<div class=\"elementor-widget-wrap elementor-element-populated\">\n\t\t\t\t\t\t<div class=\"elementor-element elementor-element-e65a808 elementor-widget__width-initial elementor-widget-tablet__width-inherit elementor-widget elementor-widget-heading\" data-id=\"e65a808\" data-element_type=\"widget\" data-e-type=\"widget\" data-widget_type=\"heading.default\">\n\t\t\t\t<div class=\"elementor-widget-container\">\n\t\t\t\t\t<h2 class=\"elementor-heading-title elementor-size-default\">\u00dcber ciaocycling.<\/h2>\t\t\t\t<\/div>\n\t\t\t\t<\/div>\n\t\t\t\t<div class=\"elementor-element elementor-element-e52c4ec elementor-widget elementor-widget-text-editor\" data-id=\"e52c4ec\" data-element_type=\"widget\" data-e-type=\"widget\" data-widget_type=\"text-editor.default\">\n\t\t\t\t<div class=\"elementor-widget-container\">\n\t\t\t\t\t\t\t\t\t<p data-start=\"147\" data-end=\"317\">Ciao, wir sind Carolina und Carola \u2013 deutsch-italienische Bike-Guides mit einer gro\u00dfen Liebe f\u00fcr Radsport, Landschaften und echte italienische Erlebnisse. Genau daf\u00fcr steht <strong data-start=\"298\" data-end=\"316\">ciaocycling.cc<\/strong>.<\/p><p data-start=\"319\" data-end=\"685\">Wir leben beide in der N\u00e4he des Gardasees und von Verona und haben \u00fcber viele Jahre hinweg die besten Strecken dieser Region entdeckt \u2014 von den Weinbergen des Valpolicella bis zu den Anstiegen am Monte Baldo und dar\u00fcber hinaus. Was als individuelle Wege begann, hat uns schlie\u00dflich zusammengef\u00fchrt \u2014 verbunden durch die gemeinsame Leidenschaft f\u00fcrs Radfahren und den Wunsch, durch Sport und Reisen echte Verbindungen zu schaffen.<\/p><p data-start=\"687\" data-end=\"989\" class=\"translation-block\">Als zertifizierte Guides mit Hintergr\u00fcnden in Bike Guiding, Sportern\u00e4hrung, Design, Marketing und User Experience bieten wir Erlebnisse, die <strong>lokal, pers\u00f6nlich und mit viel Sorgfalt gestaltet<\/strong> sind. Wir sprechen mehrere Sprachen (Deutsch, Italienisch, Englisch) und k\u00f6nnen so mit Fahrer:innen aus ganz Europa und dar\u00fcber hinaus in Verbindung treten.<\/p><p data-start=\"991\" data-end=\"1178\">Ob du eine entspannte Runde rund um den See suchst, einen langen Tag in den Dolomiten mit vielen H\u00f6henmetern planst oder eine komplett organisierte Radreise m\u00f6chtest \u2014 wir helfen dir dabei, Norditalien auf deine eigene Art zu entdecken.<\/p><p data-start=\"1180\" data-end=\"1384\" class=\"translation-block\">Mit <strong>ciaocycling.cc<\/strong> kannst du an einer unserer <strong>gef\u00fchrten Tagestouren<\/strong> teilnehmen, bei einem <strong>Camp oder Event<\/strong> dabei sein oder eine <strong>individuelle Self-Guided-Route<\/strong> anfragen \u2014 basierend auf lokalem Wissen und mit pers\u00f6nlicher Betreuung.<\/p><p data-start=\"1386\" data-end=\"1468\">Lass uns gemeinsam durch Italien fahren \u2014 mit Leidenschaft, Freude und einer guten Portion Espresso.<\/p>\t\t\t\t\t\t\t\t<\/div>\n\t\t\t\t<\/div>\n\t\t\t\t<div class=\"elementor-element elementor-element-92045c4 elementor-mobile-align-center elementor-widget elementor-widget-button\" data-id=\"92045c4\" data-element_type=\"widget\" data-e-type=\"widget\" data-widget_type=\"button.default\">\n\t\t\t\t<div class=\"elementor-widget-container\">\n\t\t\t\t\t\t\t\t\t<div class=\"elementor-button-wrapper\">\n\t\t\t\t\t<a class=\"elementor-button elementor-button-link elementor-size-sm\" href=\"https:\/\/ciaocycling.cc\/de\/about\/\">\n\t\t\t\t\t\t<span class=\"elementor-button-content-wrapper\">\n\t\t\t\t\t\t\t\t\t<span class=\"elementor-button-text\">\u00dcber uns<\/span>\n\t\t\t\t\t<\/span>\n\t\t\t\t\t<\/a>\n\t\t\t\t<\/div>\n\t\t\t\t\t\t\t\t<\/div>\n\t\t\t\t<\/div>\n\t\t\t\t\t<\/div>\n\t\t<\/div>\n\t\t\t\t<div class=\"elementor-column elementor-col-50 elementor-top-column elementor-element elementor-element-79f3ff9\" data-id=\"79f3ff9\" data-element_type=\"column\" data-e-type=\"column\">\n\t\t\t<div class=\"elementor-widget-wrap elementor-element-populated\">\n\t\t\t\t\t\t<div class=\"elementor-element elementor-element-fe451eb elementor-widget elementor-widget-image\" data-id=\"fe451eb\" data-element_type=\"widget\" data-e-type=\"widget\" data-widget_type=\"image.default\">\n\t\t\t\t<div class=\"elementor-widget-container\">\n\t\t\t\t\t\t\t\t\t\t\t\t\t\t\t<img loading=\"lazy\" decoding=\"async\" width=\"1536\" height=\"2048\" src=\"https:\/\/ciaocycling.cc\/wp-content\/uploads\/2025\/09\/Carolina-Carola.jpg\" class=\"attachment-full size-full wp-image-12292\" alt=\"\" srcset=\"https:\/\/ciaocycling.cc\/wp-content\/uploads\/2025\/09\/Carolina-Carola.jpg 1536w, https:\/\/ciaocycling.cc\/wp-content\/uploads\/2025\/09\/Carolina-Carola-225x300.jpg 225w, https:\/\/ciaocycling.cc\/wp-content\/uploads\/2025\/09\/Carolina-Carola-768x1024.jpg 768w, https:\/\/ciaocycling.cc\/wp-content\/uploads\/2025\/09\/Carolina-Carola-1152x1536.jpg 1152w, https:\/\/ciaocycling.cc\/wp-content\/uploads\/2025\/09\/Carolina-Carola-9x12.jpg 9w, https:\/\/ciaocycling.cc\/wp-content\/uploads\/2025\/09\/Carolina-Carola-338x450.jpg 338w\" sizes=\"(max-width: 1536px) 100vw, 1536px\" \/>\t\t\t\t\t\t\t\t\t\t\t\t\t\t\t<\/div>\n\t\t\t\t<\/div>\n\t\t\t\t\t<\/div>\n\t\t<\/div>\n\t\t\t\t\t<\/div>\n\t\t<\/div>\n\t\t\t\t<div class=\"elementor-section elementor-top-section elementor-element elementor-element-e755e60 elementor-section-stretched elementor-section-boxed elementor-section-height-default elementor-section-height-default\" data-id=\"e755e60\" data-element_type=\"section\" data-e-type=\"section\" data-settings=\"{&quot;stretch_section&quot;:&quot;section-stretched&quot;}\">\n\t\t\t\t\t\t<div class=\"elementor-container elementor-column-gap-no\">\n\t\t\t\t\t<div class=\"elementor-column elementor-col-100 elementor-top-column elementor-element elementor-element-b03837a\" data-id=\"b03837a\" data-element_type=\"column\" data-e-type=\"column\">\n\t\t\t<div class=\"elementor-widget-wrap elementor-element-populated\">\n\t\t\t\t\t\t<div class=\"elementor-element elementor-element-633deea elementor-widget elementor-widget-text-editor\" data-id=\"633deea\" data-element_type=\"widget\" data-e-type=\"widget\" data-widget_type=\"text-editor.default\">\n\t\t\t\t<div class=\"elementor-widget-container\">\n\t\t\t\t\t\t\t\t\t<p>Lass uns gemeinsam fahren<\/p>\t\t\t\t\t\t\t\t<\/div>\n\t\t\t\t<\/div>\n\t\t\t\t<div class=\"elementor-element elementor-element-70a5652 elementor-widget elementor-widget-heading\" data-id=\"70a5652\" data-element_type=\"widget\" data-e-type=\"widget\" data-widget_type=\"heading.default\">\n\t\t\t\t<div class=\"elementor-widget-container\">\n\t\t\t\t\t<h2 class=\"elementor-heading-title elementor-size-default\">N\u00e4chste Events<\/h2>\t\t\t\t<\/div>\n\t\t\t\t<\/div>\n\t\t\t\t\t<\/div>\n\t\t<\/div>\n\t\t\t\t\t<\/div>\n\t\t<\/div>\n\t\t<div class=\"elementor-element elementor-element-6ba08ad e-flex e-con-boxed e-con e-parent\" data-id=\"6ba08ad\" data-element_type=\"container\" data-e-type=\"container\">\n\t\t\t\t\t<div class=\"e-con-inner\">\n\t\t<div class=\"elementor-element elementor-element-fc5ab0d e-con-full e-flex e-con e-child\" data-id=\"fc5ab0d\" data-element_type=\"container\" data-e-type=\"container\">\n\t\t\t\t<div class=\"elementor-element elementor-element-41c5cf8 e-transform elementor-widget elementor-widget-image\" data-id=\"41c5cf8\" data-element_type=\"widget\" data-e-type=\"widget\" data-settings=\"{&quot;_transform_scale_effect_hover&quot;:{&quot;unit&quot;:&quot;px&quot;,&quot;size&quot;:0.98,&quot;sizes&quot;:[]},&quot;_transform_scale_effect_hover_tablet&quot;:{&quot;unit&quot;:&quot;px&quot;,&quot;size&quot;:&quot;&quot;,&quot;sizes&quot;:[]},&quot;_transform_scale_effect_hover_mobile&quot;:{&quot;unit&quot;:&quot;px&quot;,&quot;size&quot;:&quot;&quot;,&quot;sizes&quot;:[]}}\" data-widget_type=\"image.default\">\n\t\t\t\t<div class=\"elementor-widget-container\">\n\t\t\t\t\t\t\t\t\t\t\t\t\t\t\t\t<a href=\"https:\/\/ciaocycling.cc\/de\/our-camps\/summer-ladies-garda-gravel-camp-2026\/\" target=\"_blank\">\n\t\t\t\t\t\t\t<img loading=\"lazy\" decoding=\"async\" width=\"683\" height=\"1024\" src=\"https:\/\/ciaocycling.cc\/wp-content\/uploads\/2026\/04\/south-garda-bike-region-family-gravel-cycling-cypress-road-castelnuovo-garda-vertical-683x1024.jpg\" class=\"attachment-large size-large wp-image-13516\" alt=\"\" srcset=\"https:\/\/ciaocycling.cc\/wp-content\/uploads\/2026\/04\/south-garda-bike-region-family-gravel-cycling-cypress-road-castelnuovo-garda-vertical-683x1024.jpg 683w, https:\/\/ciaocycling.cc\/wp-content\/uploads\/2026\/04\/south-garda-bike-region-family-gravel-cycling-cypress-road-castelnuovo-garda-vertical-200x300.jpg 200w, https:\/\/ciaocycling.cc\/wp-content\/uploads\/2026\/04\/south-garda-bike-region-family-gravel-cycling-cypress-road-castelnuovo-garda-vertical-768x1152.jpg 768w, https:\/\/ciaocycling.cc\/wp-content\/uploads\/2026\/04\/south-garda-bike-region-family-gravel-cycling-cypress-road-castelnuovo-garda-vertical-1024x1536.jpg 1024w, https:\/\/ciaocycling.cc\/wp-content\/uploads\/2026\/04\/south-garda-bike-region-family-gravel-cycling-cypress-road-castelnuovo-garda-vertical-8x12.jpg 8w, https:\/\/ciaocycling.cc\/wp-content\/uploads\/2026\/04\/south-garda-bike-region-family-gravel-cycling-cypress-road-castelnuovo-garda-vertical-300x450.jpg 300w, https:\/\/ciaocycling.cc\/wp-content\/uploads\/2026\/04\/south-garda-bike-region-family-gravel-cycling-cypress-road-castelnuovo-garda-vertical.jpg 1280w\" sizes=\"(max-width: 683px) 100vw, 683px\" \/>\t\t\t\t\t\t\t\t<\/a>\n\t\t\t\t\t\t\t\t\t\t\t\t\t\t\t<\/div>\n\t\t\t\t<\/div>\n\t\t\t\t<div class=\"elementor-element elementor-element-2919772 elementor-widget elementor-widget-text-editor\" data-id=\"2919772\" data-element_type=\"widget\" data-e-type=\"widget\" data-widget_type=\"text-editor.default\">\n\t\t\t\t<div class=\"elementor-widget-container\">\n\t\t\t\t\t\t\t\t\t<p><b>South Garda Bike Region Ride<br \/><\/b><em>17. May 2026 (gratis event!)<br \/>\ud83d\udccd Castelnuovo del Garda, Italy<\/em><\/p>\t\t\t\t\t\t\t\t<\/div>\n\t\t\t\t<\/div>\n\t\t\t\t<\/div>\n\t\t<div class=\"elementor-element elementor-element-19348db e-con-full e-flex e-con e-child\" data-id=\"19348db\" data-element_type=\"container\" data-e-type=\"container\">\n\t\t\t\t<div class=\"elementor-element elementor-element-b23ebf8 e-transform elementor-widget elementor-widget-image\" data-id=\"b23ebf8\" data-element_type=\"widget\" data-e-type=\"widget\" data-settings=\"{&quot;_transform_scale_effect_hover&quot;:{&quot;unit&quot;:&quot;px&quot;,&quot;size&quot;:0.98,&quot;sizes&quot;:[]},&quot;_transform_scale_effect_hover_tablet&quot;:{&quot;unit&quot;:&quot;px&quot;,&quot;size&quot;:&quot;&quot;,&quot;sizes&quot;:[]},&quot;_transform_scale_effect_hover_mobile&quot;:{&quot;unit&quot;:&quot;px&quot;,&quot;size&quot;:&quot;&quot;,&quot;sizes&quot;:[]}}\" data-widget_type=\"image.default\">\n\t\t\t\t<div class=\"elementor-widget-container\">\n\t\t\t\t\t\t\t\t\t\t\t\t\t\t\t\t<a href=\"https:\/\/ciaocycling.cc\/de\/our-camps\/spring-ladies-garda-gravel-camp-2026\/\" target=\"_blank\">\n\t\t\t\t\t\t\t<img loading=\"lazy\" decoding=\"async\" width=\"768\" height=\"1024\" src=\"https:\/\/ciaocycling.cc\/wp-content\/uploads\/2025\/11\/Gravel-Group-girls.jpg\" class=\"attachment-large size-large wp-image-13039\" alt=\"\" srcset=\"https:\/\/ciaocycling.cc\/wp-content\/uploads\/2025\/11\/Gravel-Group-girls.jpg 768w, https:\/\/ciaocycling.cc\/wp-content\/uploads\/2025\/11\/Gravel-Group-girls-225x300.jpg 225w, https:\/\/ciaocycling.cc\/wp-content\/uploads\/2025\/11\/Gravel-Group-girls-9x12.jpg 9w, https:\/\/ciaocycling.cc\/wp-content\/uploads\/2025\/11\/Gravel-Group-girls-338x450.jpg 338w\" sizes=\"(max-width: 768px) 100vw, 768px\" \/>\t\t\t\t\t\t\t\t<\/a>\n\t\t\t\t\t\t\t\t\t\t\t\t\t\t\t<\/div>\n\t\t\t\t<\/div>\n\t\t\t\t<div class=\"elementor-element elementor-element-4baed9c elementor-widget elementor-widget-text-editor\" data-id=\"4baed9c\" data-element_type=\"widget\" data-e-type=\"widget\" data-widget_type=\"text-editor.default\">\n\t\t\t\t<div class=\"elementor-widget-container\">\n\t\t\t\t\t\t\t\t\t<p><b>South Garda Gravel Day<br \/><\/b><i>10. October 2026 (free event!)<br \/><\/i><i><\/i><em>An event of the South Garda Bike Region Network<\/em><\/p><p><em>\ud83d\udccd Castelnuovo del Garda<\/em><\/p>\t\t\t\t\t\t\t\t<\/div>\n\t\t\t\t<\/div>\n\t\t\t\t<\/div>\n\t\t\t\t\t<\/div>\n\t\t\t\t<\/div>\n\t\t\t\t<div class=\"elementor-section elementor-top-section elementor-element elementor-element-cb8189b elementor-section-stretched elementor-section-boxed elementor-section-height-default elementor-section-height-default\" data-id=\"cb8189b\" data-element_type=\"section\" data-e-type=\"section\" data-settings=\"{&quot;stretch_section&quot;:&quot;section-stretched&quot;,&quot;background_background&quot;:&quot;classic&quot;}\">\n\t\t\t\t\t\t<div class=\"elementor-container elementor-column-gap-no\">\n\t\t\t\t\t<div class=\"elementor-column elementor-col-100 elementor-top-column elementor-element elementor-element-cd8c9a0\" data-id=\"cd8c9a0\" data-element_type=\"column\" data-e-type=\"column\">\n\t\t\t<div class=\"elementor-widget-wrap elementor-element-populated\">\n\t\t\t\t\t\t<div class=\"elementor-section elementor-inner-section elementor-element elementor-element-70a804d elementor-section-height-min-height elementor-section-content-middle elementor-section-boxed elementor-section-height-default\" data-id=\"70a804d\" data-element_type=\"section\" data-e-type=\"section\" data-settings=\"{&quot;background_background&quot;:&quot;classic&quot;}\">\n\t\t\t\t\t\t\t<div class=\"elementor-background-overlay\"><\/div>\n\t\t\t\t\t\t\t<div class=\"elementor-container elementor-column-gap-no\">\n\t\t\t\t\t<div class=\"elementor-column elementor-col-50 elementor-inner-column elementor-element elementor-element-345b48e\" data-id=\"345b48e\" data-element_type=\"column\" data-e-type=\"column\">\n\t\t\t<div class=\"elementor-widget-wrap elementor-element-populated\">\n\t\t\t\t\t\t<div class=\"elementor-element elementor-element-7366963 elementor-widget elementor-widget-text-editor\" data-id=\"7366963\" data-element_type=\"widget\" data-e-type=\"widget\" data-widget_type=\"text-editor.default\">\n\t\t\t\t<div class=\"elementor-widget-container\">\n\t\t\t\t\t\t\t\t\t<p>Erlebe die n\u00e4chsten<\/p>\t\t\t\t\t\t\t\t<\/div>\n\t\t\t\t<\/div>\n\t\t\t\t<div class=\"elementor-element elementor-element-95c212d elementor-widget__width-initial elementor-widget elementor-widget-heading\" data-id=\"95c212d\" data-element_type=\"widget\" data-e-type=\"widget\" data-widget_type=\"heading.default\">\n\t\t\t\t<div class=\"elementor-widget-container\">\n\t\t\t\t\t<h2 class=\"elementor-heading-title elementor-size-default\">Gravel Camps am Gardasee<\/h2>\t\t\t\t<\/div>\n\t\t\t\t<\/div>\n\t\t\t\t<div class=\"elementor-element elementor-element-e7bc898 elementor-widget__width-initial elementor-widget elementor-widget-heading\" data-id=\"e7bc898\" data-element_type=\"widget\" data-e-type=\"widget\" data-widget_type=\"heading.default\">\n\t\t\t\t<div class=\"elementor-widget-container\">\n\t\t\t\t\t<h2 class=\"elementor-heading-title elementor-size-default\">Castelnuovo del Garda, Gardasee, Italien<\/h2>\t\t\t\t<\/div>\n\t\t\t\t<\/div>\n\t\t\t\t<div class=\"elementor-element elementor-element-e75e8e4 elementor-widget elementor-widget-text-editor\" data-id=\"e75e8e4\" data-element_type=\"widget\" data-e-type=\"widget\" data-widget_type=\"text-editor.default\">\n\t\t\t\t<div class=\"elementor-widget-container\">\n\t\t\t\t\t\t\t\t\t<ul><li>29. April \u2013 3. Mai 2026: Women ' s Camp (deutsch)<\/li><li>3. &#8211; 7. June 2026: Mixed Camp, Community oriented<\/li><li>2. \u2013 6. Septemeber 2026: Women ' s Camp  (deutsch)<\/li><\/ul>\t\t\t\t\t\t\t\t<\/div>\n\t\t\t\t<\/div>\n\t\t\t\t\t<\/div>\n\t\t<\/div>\n\t\t\t\t<div class=\"elementor-column elementor-col-50 elementor-inner-column elementor-element elementor-element-ef1fc81\" data-id=\"ef1fc81\" data-element_type=\"column\" data-e-type=\"column\">\n\t\t\t<div class=\"elementor-widget-wrap elementor-element-populated\">\n\t\t\t\t\t\t<div class=\"elementor-element elementor-element-18383c1 elementor-cta--valign-top elementor-widget__width-initial elementor-cta--skin-classic elementor-animated-content elementor-bg-transform elementor-bg-transform-zoom-in elementor-invisible elementor-widget elementor-widget-call-to-action\" data-id=\"18383c1\" data-element_type=\"widget\" data-e-type=\"widget\" data-settings=\"{&quot;_animation&quot;:&quot;opal-scale-up&quot;}\" data-widget_type=\"call-to-action.default\">\n\t\t\t\t<div class=\"elementor-widget-container\">\n\t\t\t\t\t\t\t<div class=\"elementor-cta\">\n\t\t\t\t\t\t\t<div class=\"elementor-cta__content\">\n\t\t\t\t\n\t\t\t\t\t\t\t\t\t<h2 class=\"elementor-cta__title elementor-cta__content-item elementor-content-item\">\n\t\t\t\t\t\tVollpension\t\t\t\t\t<\/h2>\n\t\t\t\t\n\t\t\t\t\t\t\t\t\t<div class=\"elementor-cta__description elementor-cta__content-item elementor-content-item\">\n\t\t\t\t\t\t4 Touren\t\t\t\t\t<\/div>\n\t\t\t\t\n\t\t\t\t\t\t\t<\/div>\n\t\t\t\t\t\t<\/div>\n\t\t\t\t\t\t<\/div>\n\t\t\t\t<\/div>\n\t\t\t\t\t<\/div>\n\t\t<\/div>\n\t\t\t\t\t<\/div>\n\t\t<\/div>\n\t\t\t\t\t<\/div>\n\t\t<\/div>\n\t\t\t\t\t<\/div>\n\t\t<\/div>\n\t\t\t\t<div class=\"elementor-section elementor-top-section elementor-element elementor-element-9105b44 elementor-section-stretched elementor-section-boxed elementor-section-height-default elementor-section-height-default\" data-id=\"9105b44\" data-element_type=\"section\" data-e-type=\"section\" data-settings=\"{&quot;stretch_section&quot;:&quot;section-stretched&quot;,&quot;background_background&quot;:&quot;classic&quot;}\">\n\t\t\t\t\t\t<div class=\"elementor-container elementor-column-gap-no\">\n\t\t\t\t\t<div class=\"elementor-column elementor-col-100 elementor-top-column elementor-element elementor-element-a446e37\" data-id=\"a446e37\" data-element_type=\"column\" data-e-type=\"column\">\n\t\t\t<div class=\"elementor-widget-wrap elementor-element-populated\">\n\t\t\t\t\t\t<div class=\"elementor-element elementor-element-db3b91d elementor-widget__width-initial animated-fast elementor-invisible elementor-widget elementor-widget-heading\" data-id=\"db3b91d\" data-element_type=\"widget\" data-e-type=\"widget\" data-settings=\"{&quot;_animation&quot;:&quot;opal-move-up&quot;}\" data-widget_type=\"heading.default\">\n\t\t\t\t<div class=\"elementor-widget-container\">\n\t\t\t\t\t<h2 class=\"elementor-heading-title elementor-size-default\">Warum ciaocycling?<\/h2>\t\t\t\t<\/div>\n\t\t\t\t<\/div>\n\t\t\t\t<div class=\"elementor-section elementor-inner-section elementor-element elementor-element-0edd3ae elementor-section-boxed elementor-section-height-default elementor-section-height-default\" data-id=\"0edd3ae\" data-element_type=\"section\" data-e-type=\"section\">\n\t\t\t\t\t\t<div class=\"elementor-container elementor-column-gap-no\">\n\t\t\t\t\t<div class=\"elementor-column elementor-col-50 elementor-inner-column elementor-element elementor-element-a604fee animated-fast elementor-invisible\" data-id=\"a604fee\" data-element_type=\"column\" data-e-type=\"column\" data-settings=\"{&quot;animation&quot;:&quot;opal-move-up&quot;,&quot;animation_delay&quot;:250}\">\n\t\t\t<div class=\"elementor-widget-wrap elementor-element-populated\">\n\t\t\t\t\t\t<div class=\"elementor-element elementor-element-2ca5970 elementor-position-inline-start elementor-view-stacked elementor-widget-mobile__width-initial e-transform elementor-shape-circle elementor-mobile-position-block-start elementor-widget elementor-widget-icon-box\" data-id=\"2ca5970\" data-element_type=\"widget\" data-e-type=\"widget\" data-settings=\"{&quot;_transform_scale_effect_hover&quot;:{&quot;unit&quot;:&quot;px&quot;,&quot;size&quot;:0.9,&quot;sizes&quot;:[]},&quot;_transform_scale_effect_hover_tablet&quot;:{&quot;unit&quot;:&quot;px&quot;,&quot;size&quot;:&quot;&quot;,&quot;sizes&quot;:[]},&quot;_transform_scale_effect_hover_mobile&quot;:{&quot;unit&quot;:&quot;px&quot;,&quot;size&quot;:&quot;&quot;,&quot;sizes&quot;:[]}}\" data-widget_type=\"icon-box.default\">\n\t\t\t\t<div class=\"elementor-widget-container\">\n\t\t\t\t\t\t\t<div class=\"elementor-icon-box-wrapper\">\n\n\t\t\t\t\t\t<div class=\"elementor-icon-box-icon\">\n\t\t\t\t<a href=\"#\" class=\"elementor-icon\" tabindex=\"-1\" aria-label=\"Zertifizierte Guides\">\n\t\t\t\t<i aria-hidden=\"true\" class=\"fas fa-certificate\"><\/i>\t\t\t\t<\/a>\n\t\t\t<\/div>\n\t\t\t\n\t\t\t\t\t\t<div class=\"elementor-icon-box-content\">\n\n\t\t\t\t\t\t\t\t\t<h3 class=\"elementor-icon-box-title\">\n\t\t\t\t\t\t<a href=\"#\" >\n\t\t\t\t\t\t\tZertifizierte Guides\t\t\t\t\t\t<\/a>\n\t\t\t\t\t<\/h3>\n\t\t\t\t\n\t\t\t\t\t\t\t\t\t<p class=\"elementor-icon-box-description\">\n\t\t\t\t\t\tZusammen verf\u00fcgen wir \u00fcber mehrere deutsche und italienische Qualifikationen, die uns f\u00fcr professionelles Radsport-Guiding auszeichnen.\t\t\t\t\t<\/p>\n\t\t\t\t\n\t\t\t<\/div>\n\t\t\t\n\t\t<\/div>\n\t\t\t\t\t\t<\/div>\n\t\t\t\t<\/div>\n\t\t\t\t<div class=\"elementor-element elementor-element-00cd4b1 elementor-position-inline-start elementor-view-stacked elementor-widget-mobile__width-initial e-transform elementor-shape-circle elementor-mobile-position-block-start elementor-widget elementor-widget-icon-box\" data-id=\"00cd4b1\" data-element_type=\"widget\" data-e-type=\"widget\" data-settings=\"{&quot;_transform_scale_effect_hover&quot;:{&quot;unit&quot;:&quot;px&quot;,&quot;size&quot;:0.9,&quot;sizes&quot;:[]},&quot;_transform_scale_effect_hover_tablet&quot;:{&quot;unit&quot;:&quot;px&quot;,&quot;size&quot;:&quot;&quot;,&quot;sizes&quot;:[]},&quot;_transform_scale_effect_hover_mobile&quot;:{&quot;unit&quot;:&quot;px&quot;,&quot;size&quot;:&quot;&quot;,&quot;sizes&quot;:[]}}\" data-widget_type=\"icon-box.default\">\n\t\t\t\t<div class=\"elementor-widget-container\">\n\t\t\t\t\t\t\t<div class=\"elementor-icon-box-wrapper\">\n\n\t\t\t\t\t\t<div class=\"elementor-icon-box-icon\">\n\t\t\t\t<a href=\"#\" class=\"elementor-icon\" tabindex=\"-1\" aria-label=\"Cycling Community Network\">\n\t\t\t\t<i aria-hidden=\"true\" class=\"fas fa-biking\"><\/i>\t\t\t\t<\/a>\n\t\t\t<\/div>\n\t\t\t\n\t\t\t\t\t\t<div class=\"elementor-icon-box-content\">\n\n\t\t\t\t\t\t\t\t\t<h3 class=\"elementor-icon-box-title\">\n\t\t\t\t\t\t<a href=\"#\" >\n\t\t\t\t\t\t\tCycling Community Network\t\t\t\t\t\t<\/a>\n\t\t\t\t\t<\/h3>\n\t\t\t\t\n\t\t\t\t\t\t\t\t\t<p class=\"elementor-icon-box-description\">\n\t\t\t\t\t\tWir sind vernetzt mit zuverl\u00e4ssigen lokalen Bikeshops, Unterk\u00fcnften, Kaffeer\u00f6stereien und Dienstleistern \u2013 f\u00fcr Touren, die von Anfang bis Ende reibungslos funktionieren.\t\t\t\t\t<\/p>\n\t\t\t\t\n\t\t\t<\/div>\n\t\t\t\n\t\t<\/div>\n\t\t\t\t\t\t<\/div>\n\t\t\t\t<\/div>\n\t\t\t\t<div class=\"elementor-element elementor-element-9921f38 elementor-position-inline-start elementor-view-stacked elementor-widget-mobile__width-initial e-transform elementor-shape-circle elementor-mobile-position-block-start elementor-widget elementor-widget-icon-box\" data-id=\"9921f38\" data-element_type=\"widget\" data-e-type=\"widget\" data-settings=\"{&quot;_transform_scale_effect_hover&quot;:{&quot;unit&quot;:&quot;px&quot;,&quot;size&quot;:0.9,&quot;sizes&quot;:[]},&quot;_transform_scale_effect_hover_tablet&quot;:{&quot;unit&quot;:&quot;px&quot;,&quot;size&quot;:&quot;&quot;,&quot;sizes&quot;:[]},&quot;_transform_scale_effect_hover_mobile&quot;:{&quot;unit&quot;:&quot;px&quot;,&quot;size&quot;:&quot;&quot;,&quot;sizes&quot;:[]}}\" data-widget_type=\"icon-box.default\">\n\t\t\t\t<div class=\"elementor-widget-container\">\n\t\t\t\t\t\t\t<div class=\"elementor-icon-box-wrapper\">\n\n\t\t\t\t\t\t<div class=\"elementor-icon-box-icon\">\n\t\t\t\t<a href=\"#\" class=\"elementor-icon\" tabindex=\"-1\" aria-label=\"Small Business\">\n\t\t\t\t<i aria-hidden=\"true\" class=\"far fa-heart\"><\/i>\t\t\t\t<\/a>\n\t\t\t<\/div>\n\t\t\t\n\t\t\t\t\t\t<div class=\"elementor-icon-box-content\">\n\n\t\t\t\t\t\t\t\t\t<h3 class=\"elementor-icon-box-title\">\n\t\t\t\t\t\t<a href=\"#\" >\n\t\t\t\t\t\t\tSmall Business\t\t\t\t\t\t<\/a>\n\t\t\t\t\t<\/h3>\n\t\t\t\t\n\t\t\t\t\t\t\t\t\t<p class=\"elementor-icon-box-description\">\n\t\t\t\t\t\tEin kleines, von Frauen gef\u00fchrtes Business, das auf Qualit\u00e4t statt Quantit\u00e4t setzt \u2013 mit pers\u00f6nlicher Begleitung, flexiblem Service und liebevoll erstellten Raderlebnissen.\t\t\t\t\t<\/p>\n\t\t\t\t\n\t\t\t<\/div>\n\t\t\t\n\t\t<\/div>\n\t\t\t\t\t\t<\/div>\n\t\t\t\t<\/div>\n\t\t\t\t\t<\/div>\n\t\t<\/div>\n\t\t\t\t<div class=\"elementor-column elementor-col-50 elementor-inner-column elementor-element elementor-element-f379c9b animated-fast elementor-invisible\" data-id=\"f379c9b\" data-element_type=\"column\" data-e-type=\"column\" data-settings=\"{&quot;animation&quot;:&quot;opal-move-up&quot;,&quot;animation_delay&quot;:350}\">\n\t\t\t<div class=\"elementor-widget-wrap elementor-element-populated\">\n\t\t\t\t\t\t<div class=\"elementor-element elementor-element-5e5e755 elementor-position-inline-start elementor-view-stacked elementor-widget-mobile__width-initial e-transform elementor-shape-circle elementor-mobile-position-block-start elementor-widget elementor-widget-icon-box\" data-id=\"5e5e755\" data-element_type=\"widget\" data-e-type=\"widget\" data-settings=\"{&quot;_transform_scale_effect_hover&quot;:{&quot;unit&quot;:&quot;px&quot;,&quot;size&quot;:0.9,&quot;sizes&quot;:[]},&quot;_transform_scale_effect_hover_tablet&quot;:{&quot;unit&quot;:&quot;px&quot;,&quot;size&quot;:&quot;&quot;,&quot;sizes&quot;:[]},&quot;_transform_scale_effect_hover_mobile&quot;:{&quot;unit&quot;:&quot;px&quot;,&quot;size&quot;:&quot;&quot;,&quot;sizes&quot;:[]}}\" data-widget_type=\"icon-box.default\">\n\t\t\t\t<div class=\"elementor-widget-container\">\n\t\t\t\t\t\t\t<div class=\"elementor-icon-box-wrapper\">\n\n\t\t\t\t\t\t<div class=\"elementor-icon-box-icon\">\n\t\t\t\t<a href=\"#\" class=\"elementor-icon\" tabindex=\"-1\" aria-label=\"Vertrauen &amp; Sicherheit\">\n\t\t\t\t<i aria-hidden=\"true\" class=\"fas fa-shield-alt\"><\/i>\t\t\t\t<\/a>\n\t\t\t<\/div>\n\t\t\t\n\t\t\t\t\t\t<div class=\"elementor-icon-box-content\">\n\n\t\t\t\t\t\t\t\t\t<h3 class=\"elementor-icon-box-title\">\n\t\t\t\t\t\t<a href=\"#\" >\n\t\t\t\t\t\t\tVertrauen &amp; Sicherheit\t\t\t\t\t\t<\/a>\n\t\t\t\t\t<\/h3>\n\t\t\t\t\n\t\t\t\t\t\t\t\t\t<p class=\"elementor-icon-box-description\">\n\t\t\t\t\t\tVoll versichert und sicherheitsorientiert \u2013 so kannst du jede Fahrt entspannt und sorgenfrei genie\u00dfen.\t\t\t\t\t<\/p>\n\t\t\t\t\n\t\t\t<\/div>\n\t\t\t\n\t\t<\/div>\n\t\t\t\t\t\t<\/div>\n\t\t\t\t<\/div>\n\t\t\t\t<div class=\"elementor-element elementor-element-8334e4c elementor-position-inline-start elementor-view-stacked elementor-widget-mobile__width-initial e-transform elementor-shape-circle elementor-mobile-position-block-start elementor-widget elementor-widget-icon-box\" data-id=\"8334e4c\" data-element_type=\"widget\" data-e-type=\"widget\" data-settings=\"{&quot;_transform_scale_effect_hover&quot;:{&quot;unit&quot;:&quot;px&quot;,&quot;size&quot;:0.9,&quot;sizes&quot;:[]},&quot;_transform_scale_effect_hover_tablet&quot;:{&quot;unit&quot;:&quot;px&quot;,&quot;size&quot;:&quot;&quot;,&quot;sizes&quot;:[]},&quot;_transform_scale_effect_hover_mobile&quot;:{&quot;unit&quot;:&quot;px&quot;,&quot;size&quot;:&quot;&quot;,&quot;sizes&quot;:[]}}\" data-widget_type=\"icon-box.default\">\n\t\t\t\t<div class=\"elementor-widget-container\">\n\t\t\t\t\t\t\t<div class=\"elementor-icon-box-wrapper\">\n\n\t\t\t\t\t\t<div class=\"elementor-icon-box-icon\">\n\t\t\t\t<a href=\"#\" class=\"elementor-icon\" tabindex=\"-1\" aria-label=\"Mehrsprachig\">\n\t\t\t\t<i aria-hidden=\"true\" class=\"fas fa-globe\"><\/i>\t\t\t\t<\/a>\n\t\t\t<\/div>\n\t\t\t\n\t\t\t\t\t\t<div class=\"elementor-icon-box-content\">\n\n\t\t\t\t\t\t\t\t\t<h3 class=\"elementor-icon-box-title\">\n\t\t\t\t\t\t<a href=\"#\" >\n\t\t\t\t\t\t\tMehrsprachig\t\t\t\t\t\t<\/a>\n\t\t\t\t\t<\/h3>\n\t\t\t\t\n\t\t\t\t\t\t\t\t\t<p class=\"elementor-icon-box-description\">\n\t\t\t\t\t\tMuttersprache Deutsch und Italienisch, flie\u00dfend Englisch sowie Grundkenntnisse in Spanisch und Franz\u00f6sisch \u2013 f\u00fcr klare Kommunikation, egal wo du herkommst.\n\t\t\t\t\t<\/p>\n\t\t\t\t\n\t\t\t<\/div>\n\t\t\t\n\t\t<\/div>\n\t\t\t\t\t\t<\/div>\n\t\t\t\t<\/div>\n\t\t\t\t<div class=\"elementor-element elementor-element-3a0af12 elementor-position-inline-start elementor-view-stacked elementor-widget-mobile__width-initial e-transform elementor-shape-circle elementor-mobile-position-block-start elementor-widget elementor-widget-icon-box\" data-id=\"3a0af12\" data-element_type=\"widget\" data-e-type=\"widget\" data-settings=\"{&quot;_transform_scale_effect_hover&quot;:{&quot;unit&quot;:&quot;px&quot;,&quot;size&quot;:0.9,&quot;sizes&quot;:[]},&quot;_transform_scale_effect_hover_tablet&quot;:{&quot;unit&quot;:&quot;px&quot;,&quot;size&quot;:&quot;&quot;,&quot;sizes&quot;:[]},&quot;_transform_scale_effect_hover_mobile&quot;:{&quot;unit&quot;:&quot;px&quot;,&quot;size&quot;:&quot;&quot;,&quot;sizes&quot;:[]}}\" data-widget_type=\"icon-box.default\">\n\t\t\t\t<div class=\"elementor-widget-container\">\n\t\t\t\t\t\t\t<div class=\"elementor-icon-box-wrapper\">\n\n\t\t\t\t\t\t<div class=\"elementor-icon-box-icon\">\n\t\t\t\t<a href=\"#\" class=\"elementor-icon\" tabindex=\"-1\" aria-label=\"Lokale Expertise\">\n\t\t\t\t<i aria-hidden=\"true\" class=\"fas fa-map-marker-alt\"><\/i>\t\t\t\t<\/a>\n\t\t\t<\/div>\n\t\t\t\n\t\t\t\t\t\t<div class=\"elementor-icon-box-content\">\n\n\t\t\t\t\t\t\t\t\t<h3 class=\"elementor-icon-box-title\">\n\t\t\t\t\t\t<a href=\"#\" >\n\t\t\t\t\t\t\tLokale Expertise\t\t\t\t\t\t<\/a>\n\t\t\t\t\t<\/h3>\n\t\t\t\t\n\t\t\t\t\t\t\t\t\t<p class=\"elementor-icon-box-description\">\n\t\t\t\t\t\tRegion bestens vertraut \u2013 f\u00fcr geheime Trails und authentische Highlights.\t\t\t\t\t<\/p>\n\t\t\t\t\n\t\t\t<\/div>\n\t\t\t\n\t\t<\/div>\n\t\t\t\t\t\t<\/div>\n\t\t\t\t<\/div>\n\t\t\t\t\t<\/div>\n\t\t<\/div>\n\t\t\t\t\t<\/div>\n\t\t<\/div>\n\t\t\t\t\t<\/div>\n\t\t<\/div>\n\t\t\t\t\t<\/div>\n\t\t<\/div>\n\t\t<div class=\"elementor-element elementor-element-2eff200 e-flex e-con-boxed e-con e-parent\" data-id=\"2eff200\" data-element_type=\"container\" data-e-type=\"container\">\n\t\t\t\t\t<div class=\"e-con-inner\">\n\t\t<div class=\"elementor-element elementor-element-b6b36a2 e-con-full e-flex e-con e-child\" data-id=\"b6b36a2\" data-element_type=\"container\" data-e-type=\"container\">\n\t\t\t\t<div class=\"elementor-element elementor-element-5bf16bd elementor-widget__width-inherit animated-fast elementor-invisible elementor-widget elementor-widget-heading\" data-id=\"5bf16bd\" data-element_type=\"widget\" data-e-type=\"widget\" data-settings=\"{&quot;_animation&quot;:&quot;opal-move-up&quot;}\" data-widget_type=\"heading.default\">\n\t\t\t\t<div class=\"elementor-widget-container\">\n\t\t\t\t\t<h2 class=\"elementor-heading-title elementor-size-default\">Was andere \u00fcber uns sagen<\/h2>\t\t\t\t<\/div>\n\t\t\t\t<\/div>\n\t\t\t\t<div class=\"elementor-element elementor-element-e4b3e0a elementor-arrows-yes elementor-pagination-type-bullets elementor-review--has-separator elementor--star-style-star_fontawesome elementor-widget elementor-widget-reviews\" data-id=\"e4b3e0a\" data-element_type=\"widget\" data-e-type=\"widget\" data-settings=\"{&quot;show_arrows&quot;:&quot;yes&quot;,&quot;pagination&quot;:&quot;bullets&quot;,&quot;speed&quot;:500,&quot;autoplay&quot;:&quot;yes&quot;,&quot;autoplay_speed&quot;:5000,&quot;loop&quot;:&quot;yes&quot;,&quot;pause_on_hover&quot;:&quot;yes&quot;,&quot;pause_on_interaction&quot;:&quot;yes&quot;,&quot;space_between&quot;:{&quot;unit&quot;:&quot;px&quot;,&quot;size&quot;:10,&quot;sizes&quot;:[]},&quot;space_between_tablet&quot;:{&quot;unit&quot;:&quot;px&quot;,&quot;size&quot;:10,&quot;sizes&quot;:[]},&quot;space_between_mobile&quot;:{&quot;unit&quot;:&quot;px&quot;,&quot;size&quot;:10,&quot;sizes&quot;:[]}}\" data-widget_type=\"reviews.default\">\n\t\t\t\t<div class=\"elementor-widget-container\">\n\t\t\t\t\t\t\t\t\t<div class=\"elementor-swiper\">\n\t\t\t\t\t<div class=\"elementor-main-swiper swiper\" role=\"region\" aria-roledescription=\"carousel\" aria-label=\"Folien\">\n\t\t\t\t<div class=\"swiper-wrapper\">\n\t\t\t\t\t\t\t\t\t\t\t<div class=\"swiper-slide\" role=\"group\" aria-roledescription=\"slide\">\n\t\t\t\t\t\t\t\t\t<div class=\"elementor-testimonial elementor-repeater-item-31772e4\">\n\t\t\t\t\t\t\t<div class=\"elementor-testimonial__header\">\n\t\t\t\t\t\t\t\t\t\t<cite class=\"elementor-testimonial__cite\"><span class=\"elementor-testimonial__name\">Anne B.<\/span><div class=\"elementor-star-rating\"><i class=\"elementor-star-full\">\ue934<\/i><i class=\"elementor-star-full\">\ue934<\/i><i class=\"elementor-star-full\">\ue934<\/i><i class=\"elementor-star-full\">\ue934<\/i><i class=\"elementor-star-full\">\ue934<\/i><\/div><span class=\"elementor-testimonial__title\">Google Bewertung<\/span><\/cite>\t\t\t\t\t<div class=\"elementor-testimonial__icon elementor-icon elementor-icon-\" aria-label=\"Read More\"><\/div>\t\t\t\t<\/div>\n\t\t\t\t\t\t\t\t\t\t<div class=\"elementor-testimonial__content\">\n\t\t\t\t\t<div class=\"elementor-testimonial__text\">\n\t\t\t\t\t\tDas \u201eLadies Garda Gravel Camp\u201c von Caro war einfach genial. Caro lebt und liebt das Radfahren in dieser Region und steckt einen mit ihrer Passion an.\nDie Routen waren detailliert geplant und wurden auch noch kurzfristig auf unsere Bed\u00fcrfnisse angepasst. Wir sind Wege gefahren, die auf keiner Karte verzeichnet sind und nur bei Locals bekannt sind.\nCaro denkt an alles, vom Coffee-Stop an originellen Orten, Abendessen mit lokalen Spezialit\u00e4ten bis zum unkomplizierten, schnellen Werkstattbesuch bei technischen Problemen.\nIn einer famili\u00e4ren Atmosph\u00e4re habe ich die 4 Tage einfach nur genossen. Absolute Empfehlung!\t\t\t\t\t<\/div>\n\t\t\t\t<\/div>\n\t\t\t\t\t<\/div>\n\t\t\t\t\t\t\t\t<\/div>\n\t\t\t\t\t\t\t\t\t\t\t<div class=\"swiper-slide\" role=\"group\" aria-roledescription=\"slide\">\n\t\t\t\t\t\t\t\t\t<div class=\"elementor-testimonial elementor-repeater-item-1471538\">\n\t\t\t\t\t\t\t<div class=\"elementor-testimonial__header\">\n\t\t\t\t\t\t\t\t\t\t<cite class=\"elementor-testimonial__cite\"><span class=\"elementor-testimonial__name\">Marlene L.<\/span><div class=\"elementor-star-rating\"><i class=\"elementor-star-full\">\ue934<\/i><i class=\"elementor-star-full\">\ue934<\/i><i class=\"elementor-star-full\">\ue934<\/i><i class=\"elementor-star-full\">\ue934<\/i><i class=\"elementor-star-full\">\ue934<\/i><\/div><span class=\"elementor-testimonial__title\">Google Bewertung<\/span><\/cite>\t\t\t\t\t<div class=\"elementor-testimonial__icon elementor-icon elementor-icon-\" aria-label=\"Read More\"><\/div>\t\t\t\t<\/div>\n\t\t\t\t\t\t\t\t\t\t<div class=\"elementor-testimonial__content\">\n\t\t\t\t\t<div class=\"elementor-testimonial__text\">\n\t\t\t\t\t\tIch war Teil des Ladies Garda Gravel Camps. Das Camp dauerte insgesamt 4 Tage. Caro hat dieses mit ganz viel Liebe organisiert und uns als Guide ganz besondere Routen und Spots gezeigt.  Das Camp war insgesamt sehr gut organisiert, egal ob es sich um Bike Verleih, Abendessen, Weintasting o.\u00e4 handelte. Caro hat mit sehr viel Liebe zum Detail eine tolle Gruppenatmosph\u00e4re geschaffen und hatte fantastische Kooperationspartner an der Hand.\nEs war eine wunderbare Erfahrung!\t\t\t\t\t<\/div>\n\t\t\t\t<\/div>\n\t\t\t\t\t<\/div>\n\t\t\t\t\t\t\t\t<\/div>\n\t\t\t\t\t\t\t\t\t\t\t<div class=\"swiper-slide\" role=\"group\" aria-roledescription=\"slide\">\n\t\t\t\t\t\t\t\t\t<div class=\"elementor-testimonial elementor-repeater-item-a7122f0\">\n\t\t\t\t\t\t\t<div class=\"elementor-testimonial__header\">\n\t\t\t\t\t\t\t\t\t\t<cite class=\"elementor-testimonial__cite\"><span class=\"elementor-testimonial__name\">Tina M.<\/span><div class=\"elementor-star-rating\"><i class=\"elementor-star-full\">\ue934<\/i><i class=\"elementor-star-full\">\ue934<\/i><i class=\"elementor-star-full\">\ue934<\/i><i class=\"elementor-star-full\">\ue934<\/i><i class=\"elementor-star-full\">\ue934<\/i><\/div><span class=\"elementor-testimonial__title\">Google Bewertung<\/span><\/cite>\t\t\t\t\t<div class=\"elementor-testimonial__icon elementor-icon elementor-icon-\" aria-label=\"Read More\"><\/div>\t\t\t\t<\/div>\n\t\t\t\t\t\t\t\t\t\t<div class=\"elementor-testimonial__content\">\n\t\t\t\t\t<div class=\"elementor-testimonial__text\">\n\t\t\t\t\t\tIch war beim \"Ladies Garda Gravel Camp\" von Caro dabei \u2013 und es war einfach unvergesslich! 4 Tage voller abwechslungsreicher Touren, die uns zu Wegen und Aussichtspunkten gef\u00fchrt haben, die man alleine niemals gefunden h\u00e4tte.\n\nCaro war die ganze Zeit mit dabei, hat uns sicher geguided und uns dabei ihre Lieblingspl\u00e4tze gezeigt \u2013 von versteckten Spots bis hin zu traditionellen Caf\u00e9s ohne Touristen. Besonders sch\u00f6n waren auch die Einblicke in ihr Leben vor Ort, die das Ganze noch pers\u00f6nlicher gemacht haben.\n\nMan sp\u00fcrt bei allem Caros liebevolle und coole Art sowie ihr Auge f\u00fcrs Detail \u2013 genau das hat dieses Camp so besonders gemacht. Ich habe mich rundum wohlgef\u00fchlt und nehme viele tolle Erinnerungen mit. Absolute Empfehlung! \ud83d\udeb4\u200d\u2640\ufe0f\u2728\t\t\t\t\t<\/div>\n\t\t\t\t<\/div>\n\t\t\t\t\t<\/div>\n\t\t\t\t\t\t\t\t<\/div>\n\t\t\t\t\t\t\t\t\t\t\t<div class=\"swiper-slide\" role=\"group\" aria-roledescription=\"slide\">\n\t\t\t\t\t\t\t\t\t<div class=\"elementor-testimonial elementor-repeater-item-a6a83a8\">\n\t\t\t\t\t\t\t<div class=\"elementor-testimonial__header\">\n\t\t\t\t\t\t\t\t\t\t\t<div class=\"elementor-testimonial__image\">\n\t\t\t\t\t\t\t<img decoding=\"async\" src=\"https:\/\/ciaocycling.cc\/wp-content\/plugins\/elementor\/assets\/images\/placeholder.png\" alt=\"Dirk T.\">\n\t\t\t\t\t\t\t\t\t\t\t\t\t<\/div>\n\t\t\t\t\t\t\t\t\t\t<cite class=\"elementor-testimonial__cite\"><span class=\"elementor-testimonial__name\">Dirk T.<\/span><div class=\"elementor-star-rating\"><i class=\"elementor-star-full\">\ue934<\/i><i class=\"elementor-star-full\">\ue934<\/i><i class=\"elementor-star-full\">\ue934<\/i><i class=\"elementor-star-full\">\ue934<\/i><i class=\"elementor-star-full\">\ue934<\/i><\/div><span class=\"elementor-testimonial__title\">Google Bewertung<\/span><\/cite>\t\t\t\t\t<div class=\"elementor-testimonial__icon elementor-icon elementor-icon-\" aria-label=\"Read More\"><\/div>\t\t\t\t<\/div>\n\t\t\t\t\t\t\t\t\t\t<div class=\"elementor-testimonial__content\">\n\t\t\t\t\t<div class=\"elementor-testimonial__text\">\n\t\t\t\t\t\t\"W\u00e4hrend auf dem Urlaub in Lazise, fanden wir Caro auf Instagram und ging auf einer gef\u00fchrten gravel-tour \u2013 ein Traum! Es begann direkt am B&amp;B, tolle Wege durch die Weinberge und viele versteckte Ecken. Caro spricht Deutsch und hatte gute Tipps f\u00fcr den rest unserer Ferien, einschlie\u00dflich Lebensmittel und andere Dinge. Wir w\u00fcrden Liebe, um wieder zu gehen, vielleicht mit einem Rennrad!\"\t\t\t\t\t<\/div>\n\t\t\t\t<\/div>\n\t\t\t\t\t<\/div>\n\t\t\t\t\t\t\t\t<\/div>\n\t\t\t\t\t\t\t\t\t\t\t<div class=\"swiper-slide\" role=\"group\" aria-roledescription=\"slide\">\n\t\t\t\t\t\t\t\t\t<div class=\"elementor-testimonial elementor-repeater-item-2f7504d\">\n\t\t\t\t\t\t\t<div class=\"elementor-testimonial__header\">\n\t\t\t\t\t\t\t\t\t\t<cite class=\"elementor-testimonial__cite\"><span class=\"elementor-testimonial__name\">Kris M.<\/span><div class=\"elementor-star-rating\"><i class=\"elementor-star-full\">\ue934<\/i><i class=\"elementor-star-full\">\ue934<\/i><i class=\"elementor-star-full\">\ue934<\/i><i class=\"elementor-star-full\">\ue934<\/i><i class=\"elementor-star-full\">\ue934<\/i><\/div><span class=\"elementor-testimonial__title\">Google Bewertung<\/span><\/cite>\t\t\t\t\t<div class=\"elementor-testimonial__icon elementor-icon elementor-icon-\" aria-label=\"Read More\"><\/div>\t\t\t\t<\/div>\n\t\t\t\t\t\t\t\t\t\t<div class=\"elementor-testimonial__content\">\n\t\t\t\t\t<div class=\"elementor-testimonial__text\">\n\t\t\t\t\t\tAbsolut unglaubliche Erfahrung! Es wurde an alles gedacht, was du dir nur vorstellen kannst, und ich habe gro\u00dfartige Unterst\u00fctzung bekommen. Dank der Routen und lokalen Empfehlungen von ciaocycling war meine Reise besser, als ich es mir je h\u00e4tte vorstellen k\u00f6nnen. Ich w\u00fcrde es auf jeden Fall weiterempfehlen und komme n\u00e4chstes Jahr ganz sicher wieder.\t\t\t\t\t<\/div>\n\t\t\t\t<\/div>\n\t\t\t\t\t<\/div>\n\t\t\t\t\t\t\t\t<\/div>\n\t\t\t\t\t\t\t\t\t<\/div>\n\t\t\t\t\t\t\t\t\t\t\t\t\t\t\t<div class=\"elementor-swiper-button elementor-swiper-button-prev\" role=\"button\" tabindex=\"0\" aria-label=\"Previous\">\n\t\t\t\t\t\t\t<i aria-hidden=\"true\" class=\"eicon-chevron-left\"><\/i>\t\t\t\t\t\t<\/div>\n\t\t\t\t\t\t<div class=\"elementor-swiper-button elementor-swiper-button-next\" role=\"button\" tabindex=\"0\" aria-label=\"Next\">\n\t\t\t\t\t\t\t<i aria-hidden=\"true\" class=\"eicon-chevron-right\"><\/i>\t\t\t\t\t\t<\/div>\n\t\t\t\t\t\t\t\t\t\t\t\t\t\t\t\t<div class=\"swiper-pagination\"><\/div>\n\t\t\t\t\t\t\t\t\t\t\t\t<\/div>\n\t\t\t\t<\/div>\n\t\t\t\t\t\t\t\t<\/div>\n\t\t\t\t<\/div>\n\t\t\t\t<\/div>\n\t\t\t\t\t<\/div>\n\t\t\t\t<\/div>\n\t\t\t\t<div class=\"elementor-section elementor-top-section elementor-element elementor-element-89f9e2d elementor-section-stretched elementor-section-boxed elementor-section-height-default elementor-section-height-default\" data-id=\"89f9e2d\" data-element_type=\"section\" data-e-type=\"section\" data-settings=\"{&quot;stretch_section&quot;:&quot;section-stretched&quot;,&quot;background_background&quot;:&quot;classic&quot;}\">\n\t\t\t\t\t\t<div class=\"elementor-container elementor-column-gap-no\">\n\t\t\t\t\t<div class=\"elementor-column elementor-col-100 elementor-top-column elementor-element elementor-element-58cefbf\" data-id=\"58cefbf\" data-element_type=\"column\" data-e-type=\"column\">\n\t\t\t<div class=\"elementor-widget-wrap elementor-element-populated\">\n\t\t\t\t\t\t<div class=\"elementor-element elementor-element-4aeb953 elementor-widget elementor-widget-text-editor\" data-id=\"4aeb953\" data-element_type=\"widget\" data-e-type=\"widget\" data-widget_type=\"text-editor.default\">\n\t\t\t\t<div class=\"elementor-widget-container\">\n\t\t\t\t\t\t\t\t\t<p>Aktuelle blog-posts<\/p>\t\t\t\t\t\t\t\t<\/div>\n\t\t\t\t<\/div>\n\t\t\t\t<div class=\"elementor-element elementor-element-303d024 elementor-widget elementor-widget-heading\" data-id=\"303d024\" data-element_type=\"widget\" data-e-type=\"widget\" data-widget_type=\"heading.default\">\n\t\t\t\t<div class=\"elementor-widget-container\">\n\t\t\t\t\t<h2 class=\"elementor-heading-title elementor-size-default\">Journal &amp; Guides<\/h2>\t\t\t\t<\/div>\n\t\t\t\t<\/div>\n\t\t\t\t<div class=\"elementor-element elementor-element-96fc489 arrow-style-1 elementor-widget elementor-widget-triply-post-grid\" data-id=\"96fc489\" data-element_type=\"widget\" data-e-type=\"widget\" data-settings=\"{&quot;autoplay_speed&quot;:5000}\" data-widget_type=\"triply-post-grid.default\">\n\t\t\t\t<div class=\"elementor-widget-container\">\n\t\t\t\t\t        <div class=\"elementor-post-wrapper layout-post-style-2\">\n            <div class=\"row triply-carousel\" data-settings=\"{&quot;navigation&quot;:&quot;none&quot;,&quot;autoplayHoverPause&quot;:true,&quot;autoplay&quot;:true,&quot;autoplaySpeed&quot;:5000,&quot;items&quot;:3,&quot;items_laptop&quot;:3,&quot;items_tablet_extra&quot;:3,&quot;items_tablet&quot;:&quot;2&quot;,&quot;items_mobile_extra&quot;:&quot;2&quot;,&quot;items_mobile&quot;:1,&quot;loop&quot;:true,&quot;breakpoint_laptop&quot;:1366,&quot;breakpoint_tablet_extra&quot;:1200,&quot;breakpoint_tablet&quot;:1024,&quot;breakpoint_mobile_extra&quot;:880,&quot;breakpoint_mobile&quot;:767}\">\n                <div class=\"column-item post-style-2 hentry\">\n    <div class=\"post-inner\">\n                    <div class=\"post-thumbnail\">\n                <a href=\"https:\/\/ciaocycling.cc\/de\/roadbike-adige-river-from-rivoli-route\/\">\n                    <img loading=\"lazy\" decoding=\"async\" width=\"850\" height=\"600\" src=\"https:\/\/ciaocycling.cc\/wp-content\/uploads\/2026\/04\/IMG_4670-850x600.jpeg\" class=\"attachment-triply-tour-detail-gallery-3 size-triply-tour-detail-gallery-3 wp-post-image\" alt=\"Roadbike Tour around the Adige River from Rivoli\" \/>                <\/a>\n            <\/div><!-- .post-thumbnail -->\n\n                <div class=\"entry-content\">\n            <div class=\"entry-content-wrapper\">\n                <div class=\"entry-header\">\n                    <div class=\"entry-meta\">\n                        <span class=\"categories-link\"><span class=\"screen-reader-text\">Categories<\/span><a href=\"https:\/\/ciaocycling.cc\/de\/category\/ride-explore\/\" rel=\"category tag\">Fahre &amp; Entdecke<\/a><\/span><span class=\"posted-on\"><a href=\"https:\/\/ciaocycling.cc\/de\/roadbike-adige-river-from-rivoli-route\/\" rel=\"bookmark\"><time class=\"entry-date published\" datetime=\"2026-04-08T17:32:51+00:00\">April 8, 2026<\/time><time class=\"updated\" datetime=\"2026-04-14T06:39:51+00:00\">April 14, 2026<\/time><\/a><\/span> <span class=\"post-author\"><span>By <a href=\"https:\/\/ciaocycling.cc\/de\/author\/carolinadianarossi\/\">Carolina Rossi<\/a><\/span><\/span>                    <\/div>\n                    <h3 class=\"entry-title\"><a href=\"https:\/\/ciaocycling.cc\/de\/roadbike-adige-river-from-rivoli-route\/\" rel=\"bookmark\">Roadbike Tour around the Adige River from Rivoli | Lake Garda<\/a><\/h3>                <\/div>\n                <div class=\"entry-bottom\">\n                    <p>65 km \u00b7 411 m elevation \u00b7 Loop \u00b7 Road bike \u00b7 Easy\u2013Moderate There&#8217;s a river loop just&hellip;<\/p>\n                <\/div>\n                <div class=\"more-link-wrap\"><a class=\"more-link\" href=\"https:\/\/ciaocycling.cc\/de\/roadbike-adige-river-from-rivoli-route\/\"><span>Read More<\/span><i class=\"triply-icon-long-arrow-right\"><\/i><\/a><\/div>\n            <\/div>\n        <\/div>\n    <\/div>\n<\/div>\n<div class=\"column-item post-style-2 hentry\">\n    <div class=\"post-inner\">\n                    <div class=\"post-thumbnail\">\n                <a href=\"https:\/\/ciaocycling.cc\/de\/carolina-on-the-gravel-italia-podcast\/\">\n                    <img loading=\"lazy\" decoding=\"async\" width=\"850\" height=\"600\" src=\"https:\/\/ciaocycling.cc\/wp-content\/uploads\/2026\/02\/Screenshot-2026-02-05-alle-08.44.02-850x600.png\" class=\"attachment-triply-tour-detail-gallery-3 size-triply-tour-detail-gallery-3 wp-post-image\" alt=\"Carolina Gravel Italia Podcast\" \/>                <\/a>\n            <\/div><!-- .post-thumbnail -->\n\n                <div class=\"entry-content\">\n            <div class=\"entry-content-wrapper\">\n                <div class=\"entry-header\">\n                    <div class=\"entry-meta\">\n                        <span class=\"categories-link\"><span class=\"screen-reader-text\">Categories<\/span><a href=\"https:\/\/ciaocycling.cc\/de\/category\/events-stories\/\" rel=\"category tag\">Events &amp; Stories<\/a><\/span><span class=\"posted-on\"><a href=\"https:\/\/ciaocycling.cc\/de\/carolina-on-the-gravel-italia-podcast\/\" rel=\"bookmark\"><time class=\"entry-date published\" datetime=\"2026-02-05T07:45:31+00:00\">Februar 5, 2026<\/time><time class=\"updated\" datetime=\"2026-04-15T21:22:55+00:00\">April 15, 2026<\/time><\/a><\/span> <span class=\"post-author\"><span>By <a href=\"https:\/\/ciaocycling.cc\/de\/author\/carolinadianarossi\/\">Carolina Rossi<\/a><\/span><\/span>                    <\/div>\n                    <h3 class=\"entry-title\"><a href=\"https:\/\/ciaocycling.cc\/de\/carolina-on-the-gravel-italia-podcast\/\" rel=\"bookmark\">Carolina on the Gravel Italia Podcast<\/a><\/h3>                <\/div>\n                <div class=\"entry-bottom\">\n                    <p>I recently joined Gravel Italia Podcast host Alessandro Migliorini for a conversation about the story behind ciaocycling: how&hellip;<\/p>\n                <\/div>\n                <div class=\"more-link-wrap\"><a class=\"more-link\" href=\"https:\/\/ciaocycling.cc\/de\/carolina-on-the-gravel-italia-podcast\/\"><span>Read More<\/span><i class=\"triply-icon-long-arrow-right\"><\/i><\/a><\/div>\n            <\/div>\n        <\/div>\n    <\/div>\n<\/div>\n<div class=\"column-item post-style-2 hentry\">\n    <div class=\"post-inner\">\n                    <div class=\"post-thumbnail\">\n                <a href=\"https:\/\/ciaocycling.cc\/de\/is-this-italys-hidden-gravel-paradise-why-the-south-east-side-of-lake-garda-deserves-a-spot-on-your-radar-2\/\">\n                    <img loading=\"lazy\" decoding=\"async\" width=\"850\" height=\"600\" src=\"https:\/\/ciaocycling.cc\/wp-content\/uploads\/2025\/09\/ciaocycling-gravel-camp-850x600.jpg\" class=\"attachment-triply-tour-detail-gallery-3 size-triply-tour-detail-gallery-3 wp-post-image\" alt=\"\" srcset=\"https:\/\/ciaocycling.cc\/wp-content\/uploads\/2025\/09\/ciaocycling-gravel-camp-850x600.jpg 850w, https:\/\/ciaocycling.cc\/wp-content\/uploads\/2025\/09\/ciaocycling-gravel-camp-18x12.jpg 18w\" sizes=\"(max-width: 850px) 100vw, 850px\" \/>                <\/a>\n            <\/div><!-- .post-thumbnail -->\n\n                <div class=\"entry-content\">\n            <div class=\"entry-content-wrapper\">\n                <div class=\"entry-header\">\n                    <div class=\"entry-meta\">\n                        <span class=\"categories-link\"><span class=\"screen-reader-text\">Categories<\/span><a href=\"https:\/\/ciaocycling.cc\/de\/category\/events-stories\/\" rel=\"category tag\">Events &amp; Stories<\/a> <a href=\"https:\/\/ciaocycling.cc\/de\/category\/ride-explore\/\" rel=\"category tag\">Fahre &amp; Entdecke<\/a> <a href=\"https:\/\/ciaocycling.cc\/de\/category\/stay-travel-well\/\" rel=\"category tag\">\u00dcbernachte &amp; Reise Gut<\/a><\/span><span class=\"posted-on\"><a href=\"https:\/\/ciaocycling.cc\/de\/is-this-italys-hidden-gravel-paradise-why-the-south-east-side-of-lake-garda-deserves-a-spot-on-your-radar-2\/\" rel=\"bookmark\"><time class=\"entry-date published\" datetime=\"2025-10-06T20:44:00+00:00\">Oktober 6, 2025<\/time><time class=\"updated\" datetime=\"2026-04-15T21:23:44+00:00\">April 15, 2026<\/time><\/a><\/span> <span class=\"post-author\"><span>By <a href=\"https:\/\/ciaocycling.cc\/de\/author\/carolinadianarossi\/\">Carolina Rossi<\/a><\/span><\/span>                    <\/div>\n                    <h3 class=\"entry-title\"><a href=\"https:\/\/ciaocycling.cc\/de\/is-this-italys-hidden-gravel-paradise-why-the-south-east-side-of-lake-garda-deserves-a-spot-on-your-radar-2\/\" rel=\"bookmark\">Garda Ladies Gravel Camp September 2025: 4 Tage, eine Gruppe, unendliche Erinnerungen<\/a><\/h3>                <\/div>\n                <div class=\"entry-bottom\">\n                    <p>Manche Touren drehen sich um Kilometer. Andere um Verbindung.\nDas allererste CiaoCycling Ladies Gravel Camp im September \u2026<\/p>\n                <\/div>\n                <div class=\"more-link-wrap\"><a class=\"more-link\" href=\"https:\/\/ciaocycling.cc\/de\/is-this-italys-hidden-gravel-paradise-why-the-south-east-side-of-lake-garda-deserves-a-spot-on-your-radar-2\/\"><span>Read More<\/span><i class=\"triply-icon-long-arrow-right\"><\/i><\/a><\/div>\n            <\/div>\n        <\/div>\n    <\/div>\n<\/div>\n            <\/div>\n\n                    <\/div>\n        \t\t\t\t<\/div>\n\t\t\t\t<\/div>\n\t\t\t\t\t<\/div>\n\t\t<\/div>\n\t\t\t\t\t<\/div>\n\t\t<\/div>\n\t\t\t\t<div class=\"elementor-section elementor-top-section elementor-element elementor-element-c39c02d elementor-section-stretched elementor-section-content-middle elementor-reverse-mobile elementor-section-boxed elementor-section-height-default elementor-section-height-default\" data-id=\"c39c02d\" data-element_type=\"section\" data-e-type=\"section\" data-settings=\"{&quot;stretch_section&quot;:&quot;section-stretched&quot;,&quot;background_background&quot;:&quot;classic&quot;}\">\n\t\t\t\t\t\t<div class=\"elementor-container elementor-column-gap-no\">\n\t\t\t\t\t<div class=\"elementor-column elementor-col-100 elementor-top-column elementor-element elementor-element-ce193e3\" data-id=\"ce193e3\" data-element_type=\"column\" data-e-type=\"column\">\n\t\t\t<div class=\"elementor-widget-wrap elementor-element-populated\">\n\t\t\t\t\t\t<div class=\"elementor-element elementor-element-ad0fe18 animated-fast elementor-invisible elementor-widget elementor-widget-text-editor\" data-id=\"ad0fe18\" data-element_type=\"widget\" data-e-type=\"widget\" data-settings=\"{&quot;_animation&quot;:&quot;opal-move-up&quot;}\" data-widget_type=\"text-editor.default\">\n\t\t\t\t<div class=\"elementor-widget-container\">\n\t\t\t\t\t\t\t\t\t<div>Consulting<\/div>\t\t\t\t\t\t\t\t<\/div>\n\t\t\t\t<\/div>\n\t\t\t\t<div class=\"elementor-element elementor-element-37ff507 elementor-widget__width-inherit elementor-widget-tablet__width-inherit elementor-widget elementor-widget-heading\" data-id=\"37ff507\" data-element_type=\"widget\" data-e-type=\"widget\" data-widget_type=\"heading.default\">\n\t\t\t\t<div class=\"elementor-widget-container\">\n\t\t\t\t\t<h2 class=\"elementor-heading-title elementor-size-default\">M\u00f6chtest du mehr Radfahrer f\u00fcr dein Gesch\u00e4ft am Gardasee gewinnen?\n\n<\/h2>\t\t\t\t<\/div>\n\t\t\t\t<\/div>\n\t\t\t\t<div class=\"elementor-element elementor-element-b4fed69 elementor-widget elementor-widget-text-editor\" data-id=\"b4fed69\" data-element_type=\"widget\" data-e-type=\"widget\" data-widget_type=\"text-editor.default\">\n\t\t\t\t<div class=\"elementor-widget-container\">\n\t\t\t\t\t\t\t\t\t<p data-start=\"154\" data-end=\"401\">Mit unserem hintergrund design, user-experience, - und bike-Tourismus und sprechen flie\u00dfend Italienisch, Deutsch und Englisch \u2014 wir helfen lokalen Unternehmen locken Radfahrer, verbessern Sie Ihre online-Pr\u00e4senz und schaffen unvergessliche bike-friendly Erfahrungen.<\/p>\t\t\t\t\t\t\t\t<\/div>\n\t\t\t\t<\/div>\n\t\t\t\t<div class=\"elementor-element elementor-element-47f7ae4 elementor-align-center elementor-mobile-align-center elementor-invisible elementor-widget elementor-widget-button\" data-id=\"47f7ae4\" data-element_type=\"widget\" data-e-type=\"widget\" data-settings=\"{&quot;_animation&quot;:&quot;opal-move-right&quot;}\" data-widget_type=\"button.default\">\n\t\t\t\t<div class=\"elementor-widget-container\">\n\t\t\t\t\t\t\t\t\t<div class=\"elementor-button-wrapper\">\n\t\t\t\t\t<a class=\"elementor-button elementor-button-link elementor-size-sm\" href=\"https:\/\/ciaocycling.cc\/de\/consulting\/\">\n\t\t\t\t\t\t<span class=\"elementor-button-content-wrapper\">\n\t\t\t\t\t\t<span class=\"elementor-button-icon\">\n\t\t\t\t<i aria-hidden=\"true\" class=\"triply-icon- triply-icon-long-arrow-right\"><\/i>\t\t\t<\/span>\n\t\t\t\t\t\t\t\t\t<span class=\"elementor-button-text\">Mehr<\/span>\n\t\t\t\t\t<\/span>\n\t\t\t\t\t<\/a>\n\t\t\t\t<\/div>\n\t\t\t\t\t\t\t\t<\/div>\n\t\t\t\t<\/div>\n\t\t\t\t\t<\/div>\n\t\t<\/div>\n\t\t\t\t\t<\/div>\n\t\t<\/div>\n\t\t\t\t<\/div>","protected":false},"excerpt":{"rendered":"<p>Pedal the heart of Lake&nbsp;Garda Verona Valpolicella Northern&nbsp;Italy Road or gravel, guided tours or custom adventures \u2014 ride stunning routes, discover hidden spots, meet local culture, and experience northern Italy far from the crowds. \u00a0 Our 2026 gravel Camps What\u2019s Your Ride? Explore the Lake Garda and Verona region \u2014 and beyond \u2014 with personalized [&hellip;]<\/p>\n","protected":false},"author":1,"featured_media":0,"parent":0,"menu_order":0,"comment_status":"closed","ping_status":"closed","template":"","meta":{"footnotes":""},"class_list":["post-7482","page","type-page","status-publish","hentry"],"_links":{"self":[{"href":"https:\/\/ciaocycling.cc\/de\/wp-json\/wp\/v2\/pages\/7482","targetHints":{"allow":["GET"]}}],"collection":[{"href":"https:\/\/ciaocycling.cc\/de\/wp-json\/wp\/v2\/pages"}],"about":[{"href":"https:\/\/ciaocycling.cc\/de\/wp-json\/wp\/v2\/types\/page"}],"author":[{"embeddable":true,"href":"https:\/\/ciaocycling.cc\/de\/wp-json\/wp\/v2\/users\/1"}],"replies":[{"embeddable":true,"href":"https:\/\/ciaocycling.cc\/de\/wp-json\/wp\/v2\/comments?post=7482"}],"version-history":[{"count":352,"href":"https:\/\/ciaocycling.cc\/de\/wp-json\/wp\/v2\/pages\/7482\/revisions"}],"predecessor-version":[{"id":13522,"href":"https:\/\/ciaocycling.cc\/de\/wp-json\/wp\/v2\/pages\/7482\/revisions\/13522"}],"wp:attachment":[{"href":"https:\/\/ciaocycling.cc\/de\/wp-json\/wp\/v2\/media?parent=7482"}],"curies":[{"name":"wp","href":"https:\/\/api.w.org\/{rel}","templated":true}]}}